{"id":2,"date":"2025-06-09T11:02:00","date_gmt":"2025-06-09T11:02:00","guid":{"rendered":"https:\/\/portaldeyoung.uy\/?page_id=2"},"modified":"2026-04-27T08:04:14","modified_gmt":"2026-04-27T11:04:14","slug":"sample-page","status":"publish","type":"page","link":"https:\/\/portaldeyoung.uy\/","title":{"rendered":"Bienvenidos"},"content":{"rendered":"\n<iframe loading=\"lazy\" src=\"https:\/\/api.wo-cloud.com\/content\/widget\/?geoObjectKey=5717692&#038;language=es&#038;region=AR&#038;timeFormat=HH:mm&#038;windUnit=kmh&#038;systemOfMeasurement=metric&#038;temperatureUnit=celsius\" name=\"CW2\" scrolling=\"no\" width=\"290\" height=\"318\" frameborder=\"0\" style=\"border: 1px solid #003959;border-radius: 14px\"><\/iframe>\n\n\n<p>E<div class=\"psacp-wrap psacp-slider-wrap-main\">\r\n\t<div id=\"psacp-post-slider-wrap-1\" class=\"psacp-post-slider-wrap owl-carousel psacp-design-1 psacp-layout-1951 psacp-clearfix\" data-conf=\"{&quot;loop&quot;:true,&quot;arrows&quot;:true,&quot;dots&quot;:true,&quot;autoplay&quot;:true,&quot;autoplay_interval&quot;:5000,&quot;speed&quot;:500,&quot;rtl&quot;:false}\"><div class=\"psacp-post-slide psacp-post-10462 psacp-post-standard psacp-has-thumb\">\r\n\t<div class=\"psacp-post-slider-content\">\r\n\t\t<a class=\"psacp-post-linkoverlay\" href=\"https:\/\/portaldeyoung.uy\/index.php\/2026\/04\/30\/se-avanzara-en-estudio-de-movilidad-urbana-denominado-young-encrucijada-de-caminos\/\"><\/a>\r\n\t\t<div class=\"psacp-post-img-bg\" style=\"background-image:url(https:\/\/portaldeyoung.uy\/wp-content\/uploads\/2026\/04\/Audiencia-publica-Municipio-1024x683.png); \">\r\n\t\t\t<div class=\"psacp-featured-meta\">\r\n\t\t\t\t\t\t\t\t\t\t\t<div class=\"psacp-post-cats\"><a class=\"psacp-post-cat-link psacp-post-cat-1\" href=\"https:\/\/portaldeyoung.uy\/index.php\/category\/portada\/\">Portada<\/a><\/div>\r\n\t\t\t\t\r\n\t\t\t\t<h2 class=\"psacp-post-title\">\r\n\t\t\t\t\t<a href=\"https:\/\/portaldeyoung.uy\/index.php\/2026\/04\/30\/se-avanzara-en-estudio-de-movilidad-urbana-denominado-young-encrucijada-de-caminos\/\">Se avanzar\u00e1 en estudio de movilidad urbana denominado \u00abYoung encrucijada de caminos\u00bb<\/a>\r\n\t\t\t\t<\/h2>\r\n\r\n\t\t\t\t\t\t\t<\/div>\r\n\t\t<\/div>\r\n\t<\/div>\r\n<\/div><div class=\"psacp-post-slide psacp-post-10455 psacp-post-standard psacp-has-thumb\">\r\n\t<div class=\"psacp-post-slider-content\">\r\n\t\t<a class=\"psacp-post-linkoverlay\" href=\"https:\/\/portaldeyoung.uy\/index.php\/2026\/04\/30\/convocatoria-al-acto-del-1-de-mayo-en-nuestra-ciudad\/\"><\/a>\r\n\t\t<div class=\"psacp-post-img-bg\" style=\"background-image:url(https:\/\/portaldeyoung.uy\/wp-content\/uploads\/2026\/04\/Primero-de-mayo-young-1024x620.jpg); \">\r\n\t\t\t<div class=\"psacp-featured-meta\">\r\n\t\t\t\t\t\t\t\t\t\t\t<div class=\"psacp-post-cats\"><a class=\"psacp-post-cat-link psacp-post-cat-1\" href=\"https:\/\/portaldeyoung.uy\/index.php\/category\/portada\/\">Portada<\/a><\/div>\r\n\t\t\t\t\r\n\t\t\t\t<h2 class=\"psacp-post-title\">\r\n\t\t\t\t\t<a href=\"https:\/\/portaldeyoung.uy\/index.php\/2026\/04\/30\/convocatoria-al-acto-del-1-de-mayo-en-nuestra-ciudad\/\">Convocatoria al acto del 1\u00b0 de Mayo en nuestra ciudad<\/a>\r\n\t\t\t\t<\/h2>\r\n\r\n\t\t\t\t\t\t\t<\/div>\r\n\t\t<\/div>\r\n\t<\/div>\r\n<\/div><div class=\"psacp-post-slide psacp-post-10453 psacp-post-standard psacp-has-thumb\">\r\n\t<div class=\"psacp-post-slider-content\">\r\n\t\t<a class=\"psacp-post-linkoverlay\" href=\"https:\/\/portaldeyoung.uy\/index.php\/2026\/04\/30\/hurto-en-comercio-y-detencion-de-un-hombre-requerido-en-young\/\"><\/a>\r\n\t\t<div class=\"psacp-post-img-bg\" style=\"background-image:url(https:\/\/portaldeyoung.uy\/wp-content\/uploads\/2025\/07\/Policia-movil.png); \">\r\n\t\t\t<div class=\"psacp-featured-meta\">\r\n\t\t\t\t\t\t\t\t\t\t\t<div class=\"psacp-post-cats\"><a class=\"psacp-post-cat-link psacp-post-cat-1\" href=\"https:\/\/portaldeyoung.uy\/index.php\/category\/portada\/\">Portada<\/a><\/div>\r\n\t\t\t\t\r\n\t\t\t\t<h2 class=\"psacp-post-title\">\r\n\t\t\t\t\t<a href=\"https:\/\/portaldeyoung.uy\/index.php\/2026\/04\/30\/hurto-en-comercio-y-detencion-de-un-hombre-requerido-en-young\/\">Hurto en comercio y detenci\u00f3n de un hombre requerido en Young<\/a>\r\n\t\t\t\t<\/h2>\r\n\r\n\t\t\t\t\t\t\t<\/div>\r\n\t\t<\/div>\r\n\t<\/div>\r\n<\/div><div class=\"psacp-post-slide psacp-post-10449 psacp-post-standard psacp-has-thumb\">\r\n\t<div class=\"psacp-post-slider-content\">\r\n\t\t<a class=\"psacp-post-linkoverlay\" href=\"https:\/\/portaldeyoung.uy\/index.php\/2026\/04\/30\/se-definen-las-revanchas-de-la-divisional-b-de-la-copa-de-clubes-de-ofi\/\"><\/a>\r\n\t\t<div class=\"psacp-post-img-bg\" style=\"background-image:url(https:\/\/portaldeyoung.uy\/wp-content\/uploads\/2026\/04\/san-lorenzo-tulipan-1024x682.jpg); \">\r\n\t\t\t<div class=\"psacp-featured-meta\">\r\n\t\t\t\t\t\t\t\t\t\t\t<div class=\"psacp-post-cats\"><a class=\"psacp-post-cat-link psacp-post-cat-5\" href=\"https:\/\/portaldeyoung.uy\/index.php\/category\/de-la-tribuna\/\">De la tribuna<\/a><\/div>\r\n\t\t\t\t\r\n\t\t\t\t<h2 class=\"psacp-post-title\">\r\n\t\t\t\t\t<a href=\"https:\/\/portaldeyoung.uy\/index.php\/2026\/04\/30\/se-definen-las-revanchas-de-la-divisional-b-de-la-copa-de-clubes-de-ofi\/\">Se definen las revanchas de la Divisional B de la Copa de Clubes de OFI<\/a>\r\n\t\t\t\t<\/h2>\r\n\r\n\t\t\t\t\t\t\t<\/div>\r\n\t\t<\/div>\r\n\t<\/div>\r\n<\/div><div class=\"psacp-post-slide psacp-post-10446 psacp-post-standard psacp-has-thumb\">\r\n\t<div class=\"psacp-post-slider-content\">\r\n\t\t<a class=\"psacp-post-linkoverlay\" href=\"https:\/\/portaldeyoung.uy\/index.php\/2026\/04\/30\/reunion-de-seguridad-rural-en-rio-negro-autoridades-y-productores-coordinan-acciones-contra-el-abigeato\/\"><\/a>\r\n\t\t<div class=\"psacp-post-img-bg\" style=\"background-image:url(https:\/\/portaldeyoung.uy\/wp-content\/uploads\/2026\/04\/con-productores-jefatura-1024x768.png); \">\r\n\t\t\t<div class=\"psacp-featured-meta\">\r\n\t\t\t\t\t\t\t\t\t\t\t<div class=\"psacp-post-cats\"><a class=\"psacp-post-cat-link psacp-post-cat-6\" href=\"https:\/\/portaldeyoung.uy\/index.php\/category\/del-departamento\/\">Del departamento<\/a><\/div>\r\n\t\t\t\t\r\n\t\t\t\t<h2 class=\"psacp-post-title\">\r\n\t\t\t\t\t<a href=\"https:\/\/portaldeyoung.uy\/index.php\/2026\/04\/30\/reunion-de-seguridad-rural-en-rio-negro-autoridades-y-productores-coordinan-acciones-contra-el-abigeato\/\">Reuni\u00f3n de seguridad rural en R\u00edo Negro: autoridades y productores coordinan acciones contra el abigeato<\/a>\r\n\t\t\t\t<\/h2>\r\n\r\n\t\t\t\t\t\t\t<\/div>\r\n\t\t<\/div>\r\n\t<\/div>\r\n<\/div><div class=\"psacp-post-slide psacp-post-10444 psacp-post-standard psacp-has-thumb\">\r\n\t<div class=\"psacp-post-slider-content\">\r\n\t\t<a class=\"psacp-post-linkoverlay\" href=\"https:\/\/portaldeyoung.uy\/index.php\/2026\/04\/30\/se-alerta-por-mensajes-de-textos-falsos-a-nombre-de-sucive\/\"><\/a>\r\n\t\t<div class=\"psacp-post-img-bg\" style=\"background-image:url(https:\/\/portaldeyoung.uy\/wp-content\/uploads\/2025\/06\/estafas.jpg); \">\r\n\t\t\t<div class=\"psacp-featured-meta\">\r\n\t\t\t\t\t\t\t\t\t\t\t<div class=\"psacp-post-cats\"><a class=\"psacp-post-cat-link psacp-post-cat-6\" href=\"https:\/\/portaldeyoung.uy\/index.php\/category\/del-departamento\/\">Del departamento<\/a><\/div>\r\n\t\t\t\t\r\n\t\t\t\t<h2 class=\"psacp-post-title\">\r\n\t\t\t\t\t<a href=\"https:\/\/portaldeyoung.uy\/index.php\/2026\/04\/30\/se-alerta-por-mensajes-de-textos-falsos-a-nombre-de-sucive\/\">Se alerta por mensajes de textos falsos a nombre de SUCIVE<\/a>\r\n\t\t\t\t<\/h2>\r\n\r\n\t\t\t\t\t\t\t<\/div>\r\n\t\t<\/div>\r\n\t<\/div>\r\n<\/div>\t<\/div>\r\n<\/div><\/p>\n\n\n\n<h2 class=\"wp-block-heading\"><\/h2>\n\n\n\n<figure class=\"wp-block-image size-full\"><img loading=\"lazy\" decoding=\"async\" width=\"1000\" height=\"374\" src=\"https:\/\/portaldeyoung.uy\/wp-content\/uploads\/2025\/11\/cropped-La-Proa-Regalos-y-Hogar-Nov-2025.png\" alt=\"\" class=\"wp-image-5533\" srcset=\"https:\/\/portaldeyoung.uy\/wp-content\/uploads\/2025\/11\/cropped-La-Proa-Regalos-y-Hogar-Nov-2025.png 1000w, https:\/\/portaldeyoung.uy\/wp-content\/uploads\/2025\/11\/cropped-La-Proa-Regalos-y-Hogar-Nov-2025-300x112.png 300w, https:\/\/portaldeyoung.uy\/wp-content\/uploads\/2025\/11\/cropped-La-Proa-Regalos-y-Hogar-Nov-2025-768x287.png 768w\" sizes=\"auto, (max-width: 1000px) 100vw, 1000px\" \/><\/figure>\n\n\n<div class=\"advgb-recent-posts-block masonry-view columns-2 tbl-columns-1 mbl-columns-1 gap-10 recent-posts-aa5f039e-768d-4572-8444-53bce0c30127\"><div class=\"advgb-recent-posts\"><article class=\"advgb-recent-post\"><div class=\"advgb-post-thumbnail\"><a href=\"https:\/\/portaldeyoung.uy\/index.php\/2026\/04\/30\/se-avanzara-en-estudio-de-movilidad-urbana-denominado-young-encrucijada-de-caminos\/\"><img loading=\"lazy\" decoding=\"async\" width=\"640\" height=\"427\" src=\"https:\/\/portaldeyoung.uy\/wp-content\/uploads\/2026\/04\/Audiencia-publica-Municipio-1024x683.png\" class=\"attachment-large size-large\" alt=\"\" srcset=\"https:\/\/portaldeyoung.uy\/wp-content\/uploads\/2026\/04\/Audiencia-publica-Municipio-1024x683.png 1024w, https:\/\/portaldeyoung.uy\/wp-content\/uploads\/2026\/04\/Audiencia-publica-Municipio-300x200.png 300w, https:\/\/portaldeyoung.uy\/wp-content\/uploads\/2026\/04\/Audiencia-publica-Municipio-768x512.png 768w, https:\/\/portaldeyoung.uy\/wp-content\/uploads\/2026\/04\/Audiencia-publica-Municipio.png 1200w\" sizes=\"auto, (max-width: 640px) 100vw, 640px\" \/><\/a><\/div><div class=\"advgb-post-wrapper\"><h2 class=\"advgb-post-title\"><a href=\"https:\/\/portaldeyoung.uy\/index.php\/2026\/04\/30\/se-avanzara-en-estudio-de-movilidad-urbana-denominado-young-encrucijada-de-caminos\/\">Se avanzar\u00e1 en estudio de movilidad urbana denominado \u00abYoung encrucijada de caminos\u00bb<\/a><\/h2><div class=\"advgb-post-content\"><div class=\"advgb-post-excerpt\">Ayer mi\u00e9rcoles se llev\u00f3 a cabo la Audiencia P\u00fablica del Concejo Municipal de Young en el Teatro Atenas, instancia en la que se expusieron proyectos y <\/div><div class=\"advgb-post-readmore\"><a href=\"https:\/\/portaldeyoung.uy\/index.php\/2026\/04\/30\/se-avanzara-en-estudio-de-movilidad-urbana-denominado-young-encrucijada-de-caminos\/\">Leer es enterarse<\/a><\/div><\/div><\/div><\/article><article class=\"advgb-recent-post\"><div class=\"advgb-post-thumbnail\"><a href=\"https:\/\/portaldeyoung.uy\/index.php\/2026\/04\/30\/convocatoria-al-acto-del-1-de-mayo-en-nuestra-ciudad\/\"><img loading=\"lazy\" decoding=\"async\" width=\"640\" height=\"388\" src=\"https:\/\/portaldeyoung.uy\/wp-content\/uploads\/2026\/04\/Primero-de-mayo-young-1024x620.jpg\" class=\"attachment-large size-large\" alt=\"\" srcset=\"https:\/\/portaldeyoung.uy\/wp-content\/uploads\/2026\/04\/Primero-de-mayo-young-1024x620.jpg 1024w, https:\/\/portaldeyoung.uy\/wp-content\/uploads\/2026\/04\/Primero-de-mayo-young-300x182.jpg 300w, https:\/\/portaldeyoung.uy\/wp-content\/uploads\/2026\/04\/Primero-de-mayo-young-768x465.jpg 768w, https:\/\/portaldeyoung.uy\/wp-content\/uploads\/2026\/04\/Primero-de-mayo-young.jpg 1080w\" sizes=\"auto, (max-width: 640px) 100vw, 640px\" \/><\/a><\/div><div class=\"advgb-post-wrapper\"><h2 class=\"advgb-post-title\"><a href=\"https:\/\/portaldeyoung.uy\/index.php\/2026\/04\/30\/convocatoria-al-acto-del-1-de-mayo-en-nuestra-ciudad\/\">Convocatoria al acto del 1\u00b0 de Mayo en nuestra ciudad<\/a><\/h2><div class=\"advgb-post-content\"><div class=\"advgb-post-excerpt\">En el marco del D\u00eda Internacional de los Trabajadores, se realizar\u00e1 en Young una actividad conmemorativa y reivindicativa organizada por el movimiento<\/div><div class=\"advgb-post-readmore\"><a href=\"https:\/\/portaldeyoung.uy\/index.php\/2026\/04\/30\/convocatoria-al-acto-del-1-de-mayo-en-nuestra-ciudad\/\">Leer es enterarse<\/a><\/div><\/div><\/div><\/article><article class=\"advgb-recent-post\"><div class=\"advgb-post-thumbnail\"><a href=\"https:\/\/portaldeyoung.uy\/index.php\/2026\/04\/30\/hurto-en-comercio-y-detencion-de-un-hombre-requerido-en-young\/\"><img loading=\"lazy\" decoding=\"async\" width=\"640\" height=\"417\" src=\"https:\/\/portaldeyoung.uy\/wp-content\/uploads\/2025\/07\/Policia-movil.png\" class=\"attachment-large size-large\" alt=\"\" srcset=\"https:\/\/portaldeyoung.uy\/wp-content\/uploads\/2025\/07\/Policia-movil.png 651w, https:\/\/portaldeyoung.uy\/wp-content\/uploads\/2025\/07\/Policia-movil-300x195.png 300w\" sizes=\"auto, (max-width: 640px) 100vw, 640px\" \/><\/a><\/div><div class=\"advgb-post-wrapper\"><h2 class=\"advgb-post-title\"><a href=\"https:\/\/portaldeyoung.uy\/index.php\/2026\/04\/30\/hurto-en-comercio-y-detencion-de-un-hombre-requerido-en-young\/\">Hurto en comercio y detenci\u00f3n de un hombre requerido en Young<\/a><\/h2><div class=\"advgb-post-content\"><div class=\"advgb-post-excerpt\">Un comercio de nuestra ciudad fue objeto de un hurto, seg\u00fan la denuncia presentada por un ciudadano mayor de edad ante la Polic\u00eda. De acuerdo a lo inf<\/div><div class=\"advgb-post-readmore\"><a href=\"https:\/\/portaldeyoung.uy\/index.php\/2026\/04\/30\/hurto-en-comercio-y-detencion-de-un-hombre-requerido-en-young\/\">Leer es enterarse<\/a><\/div><\/div><\/div><\/article><article class=\"advgb-recent-post\"><div class=\"advgb-post-thumbnail\"><a href=\"https:\/\/portaldeyoung.uy\/index.php\/2026\/04\/29\/amanecer-unidos-recorrera-18-de-julio-este-domingo-difundiendo-la-danza-tradicional\/\"><img loading=\"lazy\" decoding=\"async\" width=\"640\" height=\"320\" src=\"https:\/\/portaldeyoung.uy\/wp-content\/uploads\/2026\/04\/gauchos-plazoleta-1024x512.png\" class=\"attachment-large size-large\" alt=\"\" srcset=\"https:\/\/portaldeyoung.uy\/wp-content\/uploads\/2026\/04\/gauchos-plazoleta-1024x512.png 1024w, https:\/\/portaldeyoung.uy\/wp-content\/uploads\/2026\/04\/gauchos-plazoleta-300x150.png 300w, https:\/\/portaldeyoung.uy\/wp-content\/uploads\/2026\/04\/gauchos-plazoleta-768x384.png 768w, https:\/\/portaldeyoung.uy\/wp-content\/uploads\/2026\/04\/gauchos-plazoleta-1536x768.png 1536w, https:\/\/portaldeyoung.uy\/wp-content\/uploads\/2026\/04\/gauchos-plazoleta.png 1774w\" sizes=\"auto, (max-width: 640px) 100vw, 640px\" \/><\/a><\/div><div class=\"advgb-post-wrapper\"><h2 class=\"advgb-post-title\"><a href=\"https:\/\/portaldeyoung.uy\/index.php\/2026\/04\/29\/amanecer-unidos-recorrera-18-de-julio-este-domingo-difundiendo-la-danza-tradicional\/\">Amanecer unidos recorrer\u00e1 18 de julio \u00e9ste domingo difundiendo la danza tradicional<\/a><\/h2><div class=\"advgb-post-content\"><div class=\"advgb-post-excerpt\">Una propuesta cultural y comunitaria se desarrollar\u00e1 este domingo en Young, con una actividad abierta al p\u00fablico que combinar\u00e1 danza, m\u00fasica y partici<\/div><div class=\"advgb-post-readmore\"><a href=\"https:\/\/portaldeyoung.uy\/index.php\/2026\/04\/29\/amanecer-unidos-recorrera-18-de-julio-este-domingo-difundiendo-la-danza-tradicional\/\">Leer es enterarse<\/a><\/div><\/div><\/div><\/article><\/div><\/div>\n\n\n<figure class=\"wp-block-image size-large\"><img loading=\"lazy\" decoding=\"async\" width=\"1024\" height=\"416\" src=\"https:\/\/portaldeyoung.uy\/wp-content\/uploads\/2025\/09\/Vittori-set-2025-1024x416.jpg\" alt=\"\" class=\"wp-image-3855\" srcset=\"https:\/\/portaldeyoung.uy\/wp-content\/uploads\/2025\/09\/Vittori-set-2025-1024x416.jpg 1024w, https:\/\/portaldeyoung.uy\/wp-content\/uploads\/2025\/09\/Vittori-set-2025-300x122.jpg 300w, https:\/\/portaldeyoung.uy\/wp-content\/uploads\/2025\/09\/Vittori-set-2025-768x312.jpg 768w, https:\/\/portaldeyoung.uy\/wp-content\/uploads\/2025\/09\/Vittori-set-2025.jpg 1200w\" sizes=\"auto, (max-width: 1024px) 100vw, 1024px\" \/><\/figure>\n\n\n\n<figure class=\"wp-block-image size-full\"><img loading=\"lazy\" decoding=\"async\" width=\"1011\" height=\"400\" src=\"https:\/\/portaldeyoung.uy\/wp-content\/uploads\/2026\/03\/BSE-Hogar-2026.gif\" alt=\"\" class=\"wp-image-9202\"\/><\/figure>\n\n\n<div class=\"advgb-recent-posts-block masonry-view columns-2 tbl-columns-2 mbl-columns-1 gap-10 recent-posts-c1789932-3ca7-469e-86d5-c08ba8d1a5ce\"><div class=\"advgb-recent-posts\"><article class=\"advgb-recent-post\"><div class=\"advgb-post-thumbnail\"><a href=\"https:\/\/portaldeyoung.uy\/index.php\/2026\/04\/30\/se-definen-las-revanchas-de-la-divisional-b-de-la-copa-de-clubes-de-ofi\/\"><img loading=\"lazy\" decoding=\"async\" width=\"640\" height=\"426\" src=\"https:\/\/portaldeyoung.uy\/wp-content\/uploads\/2026\/04\/san-lorenzo-tulipan-1024x682.jpg\" class=\"attachment-large size-large\" alt=\"\" srcset=\"https:\/\/portaldeyoung.uy\/wp-content\/uploads\/2026\/04\/san-lorenzo-tulipan-1024x682.jpg 1024w, https:\/\/portaldeyoung.uy\/wp-content\/uploads\/2026\/04\/san-lorenzo-tulipan-300x200.jpg 300w, https:\/\/portaldeyoung.uy\/wp-content\/uploads\/2026\/04\/san-lorenzo-tulipan-768x511.jpg 768w, https:\/\/portaldeyoung.uy\/wp-content\/uploads\/2026\/04\/san-lorenzo-tulipan.jpg 1200w\" sizes=\"auto, (max-width: 640px) 100vw, 640px\" \/><\/a><\/div><div class=\"advgb-post-wrapper\"><h2 class=\"advgb-post-title\"><a href=\"https:\/\/portaldeyoung.uy\/index.php\/2026\/04\/30\/se-definen-las-revanchas-de-la-divisional-b-de-la-copa-de-clubes-de-ofi\/\">Se definen las revanchas de la Divisional B de la Copa de Clubes de OFI<\/a><\/h2><div class=\"advgb-post-tax-info\"><div class=\"advgb-post-tax advgb-post-category\"><div><a class=\"advgb-post-tax-term\" href=\"https:\/\/portaldeyoung.uy\/index.php\/category\/de-la-tribuna\/\">De la tribuna<\/a><\/div><\/div><\/div><div class=\"advgb-post-content\"><div class=\"advgb-post-excerpt\">Este fin de semana se disputar\u00e1n los partidos de vuelta de la fase preliminar de la 22\u00aa Copa Nacional de Clubes Divisional B de OFI, instancia que def<\/div><div class=\"advgb-post-readmore\"><a href=\"https:\/\/portaldeyoung.uy\/index.php\/2026\/04\/30\/se-definen-las-revanchas-de-la-divisional-b-de-la-copa-de-clubes-de-ofi\/\">Leer es enterarse&#8230;<\/a><\/div><\/div><\/div><\/article><article class=\"advgb-recent-post\"><div class=\"advgb-post-thumbnail\"><a href=\"https:\/\/portaldeyoung.uy\/index.php\/2026\/04\/29\/las-canas-recibe-encuentro-motoquero-nacional-con-musica-en-vivo-y-camping-gratuito\/\"><img loading=\"lazy\" decoding=\"async\" width=\"640\" height=\"360\" src=\"https:\/\/portaldeyoung.uy\/wp-content\/uploads\/2026\/04\/MOTO-ENCUENTRO-1024x576.jpeg\" class=\"attachment-large size-large\" alt=\"\" srcset=\"https:\/\/portaldeyoung.uy\/wp-content\/uploads\/2026\/04\/MOTO-ENCUENTRO-1024x576.jpeg 1024w, https:\/\/portaldeyoung.uy\/wp-content\/uploads\/2026\/04\/MOTO-ENCUENTRO-300x169.jpeg 300w, https:\/\/portaldeyoung.uy\/wp-content\/uploads\/2026\/04\/MOTO-ENCUENTRO-768x432.jpeg 768w, https:\/\/portaldeyoung.uy\/wp-content\/uploads\/2026\/04\/MOTO-ENCUENTRO.jpeg 1152w\" sizes=\"auto, (max-width: 640px) 100vw, 640px\" \/><\/a><\/div><div class=\"advgb-post-wrapper\"><h2 class=\"advgb-post-title\"><a href=\"https:\/\/portaldeyoung.uy\/index.php\/2026\/04\/29\/las-canas-recibe-encuentro-motoquero-nacional-con-musica-en-vivo-y-camping-gratuito\/\">Las Ca\u00f1as recibe encuentro motoquero nacional con m\u00fasica en vivo y camping gratuito<\/a><\/h2><div class=\"advgb-post-tax-info\"><div class=\"advgb-post-tax advgb-post-category\"><div><a class=\"advgb-post-tax-term\" href=\"https:\/\/portaldeyoung.uy\/index.php\/category\/de-la-tribuna\/\">De la tribuna<\/a><\/div><\/div><\/div><div class=\"advgb-post-content\"><div class=\"advgb-post-excerpt\">El balneario Las Ca\u00f1as ser\u00e1 sede de un encuentro motoquero de alcance nacional los d\u00edas 1, 2 y 3 de mayo, con la participaci\u00f3n de motociclistas de dis<\/div><div class=\"advgb-post-readmore\"><a href=\"https:\/\/portaldeyoung.uy\/index.php\/2026\/04\/29\/las-canas-recibe-encuentro-motoquero-nacional-con-musica-en-vivo-y-camping-gratuito\/\">Leer es enterarse&#8230;<\/a><\/div><\/div><\/div><\/article><article class=\"advgb-recent-post\"><div class=\"advgb-post-thumbnail\"><a href=\"https:\/\/portaldeyoung.uy\/index.php\/2026\/04\/28\/nueva-edicion-del-half-las-canas\/\"><img loading=\"lazy\" decoding=\"async\" width=\"640\" height=\"293\" src=\"https:\/\/portaldeyoung.uy\/wp-content\/uploads\/2026\/04\/half-las-canas.png\" class=\"attachment-large size-large\" alt=\"\" srcset=\"https:\/\/portaldeyoung.uy\/wp-content\/uploads\/2026\/04\/half-las-canas.png 996w, https:\/\/portaldeyoung.uy\/wp-content\/uploads\/2026\/04\/half-las-canas-300x137.png 300w, https:\/\/portaldeyoung.uy\/wp-content\/uploads\/2026\/04\/half-las-canas-768x352.png 768w\" sizes=\"auto, (max-width: 640px) 100vw, 640px\" \/><\/a><\/div><div class=\"advgb-post-wrapper\"><h2 class=\"advgb-post-title\"><a href=\"https:\/\/portaldeyoung.uy\/index.php\/2026\/04\/28\/nueva-edicion-del-half-las-canas\/\">Nueva edici\u00f3n del Half Las Ca\u00f1as<\/a><\/h2><div class=\"advgb-post-tax-info\"><div class=\"advgb-post-tax advgb-post-category\"><div><a class=\"advgb-post-tax-term\" href=\"https:\/\/portaldeyoung.uy\/index.php\/category\/de-la-tribuna\/\">De la tribuna<\/a><\/div><\/div><\/div><div class=\"advgb-post-content\"><div class=\"advgb-post-excerpt\">El balneario Las Ca\u00f1as fue escenario de una nueva edici\u00f3n del Half Las Ca\u00f1as Triatl\u00f3n 2026, que se desarroll\u00f3 el domingo y convoc\u00f3 a deportistas de di<\/div><div class=\"advgb-post-readmore\"><a href=\"https:\/\/portaldeyoung.uy\/index.php\/2026\/04\/28\/nueva-edicion-del-half-las-canas\/\">Leer es enterarse&#8230;<\/a><\/div><\/div><\/div><\/article><article class=\"advgb-recent-post\"><div class=\"advgb-post-thumbnail\"><a href=\"https:\/\/portaldeyoung.uy\/index.php\/2026\/04\/27\/san-lorenzo-pego-primero-y-tomo-ventaja-ante-tulipan-mira-los-goles\/\"><img loading=\"lazy\" decoding=\"async\" width=\"640\" height=\"320\" src=\"https:\/\/portaldeyoung.uy\/wp-content\/uploads\/2026\/04\/san-lorenzo-1024x512.png\" class=\"attachment-large size-large\" alt=\"\" srcset=\"https:\/\/portaldeyoung.uy\/wp-content\/uploads\/2026\/04\/san-lorenzo-1024x512.png 1024w, https:\/\/portaldeyoung.uy\/wp-content\/uploads\/2026\/04\/san-lorenzo-300x150.png 300w, https:\/\/portaldeyoung.uy\/wp-content\/uploads\/2026\/04\/san-lorenzo-768x384.png 768w, https:\/\/portaldeyoung.uy\/wp-content\/uploads\/2026\/04\/san-lorenzo.png 1200w\" sizes=\"auto, (max-width: 640px) 100vw, 640px\" \/><\/a><\/div><div class=\"advgb-post-wrapper\"><h2 class=\"advgb-post-title\"><a href=\"https:\/\/portaldeyoung.uy\/index.php\/2026\/04\/27\/san-lorenzo-pego-primero-y-tomo-ventaja-ante-tulipan-mira-los-goles\/\">San Lorenzo peg\u00f3 primero y tom\u00f3 ventaja ante Tulip\u00e1n (Mir\u00e1 los goles)<\/a><\/h2><div class=\"advgb-post-tax-info\"><div class=\"advgb-post-tax advgb-post-category\"><div><a class=\"advgb-post-tax-term\" href=\"https:\/\/portaldeyoung.uy\/index.php\/category\/de-la-tribuna\/\">De la tribuna<\/a><\/div><\/div><\/div><div class=\"advgb-post-content\"><div class=\"advgb-post-excerpt\">San Lorenzo de Young dio un paso firme en la serie eliminatoria frente a Tulip\u00e1n de Fray Bentos, al imponerse por 3 a 0 en el partido de ida disputado<\/div><div class=\"advgb-post-readmore\"><a href=\"https:\/\/portaldeyoung.uy\/index.php\/2026\/04\/27\/san-lorenzo-pego-primero-y-tomo-ventaja-ante-tulipan-mira-los-goles\/\">Leer es enterarse&#8230;<\/a><\/div><\/div><\/div><\/article><\/div><\/div>\n\n\n<figure class=\"wp-block-image size-full\"><img loading=\"lazy\" decoding=\"async\" width=\"1011\" height=\"400\" src=\"https:\/\/portaldeyoung.uy\/wp-content\/uploads\/2026\/04\/DESCONECTATE-CONECTATE-CON-UN-BUEN-LIBRO-1.gif\" alt=\"\" class=\"wp-image-10283\"\/><\/figure>\n\n\n\n<figure class=\"wp-block-image size-full\"><img loading=\"lazy\" decoding=\"async\" width=\"1011\" height=\"400\" src=\"https:\/\/portaldeyoung.uy\/wp-content\/uploads\/2026\/03\/Periasco-2026.gif\" alt=\"\" class=\"wp-image-9466\"\/><\/figure>\n\n\n<div class=\"advgb-recent-posts-block masonry-view columns-2 tbl-columns-2 mbl-columns-1 gap-10 recent-posts-f8b6746d-9785-4817-b237-3a7e730b3378\"><div class=\"advgb-recent-posts\"><article class=\"advgb-recent-post\"><div class=\"advgb-post-thumbnail\"><a href=\"https:\/\/portaldeyoung.uy\/index.php\/2026\/04\/29\/dos-personas-detenidas-en-young-por-hechos-vinculados-a-hurtos\/\"><img loading=\"lazy\" decoding=\"async\" width=\"640\" height=\"320\" src=\"https:\/\/portaldeyoung.uy\/wp-content\/uploads\/2025\/08\/Seccional-Sexta-Young-1024x512.png\" class=\"attachment-large size-large\" alt=\"\" srcset=\"https:\/\/portaldeyoung.uy\/wp-content\/uploads\/2025\/08\/Seccional-Sexta-Young-1024x512.png 1024w, https:\/\/portaldeyoung.uy\/wp-content\/uploads\/2025\/08\/Seccional-Sexta-Young-300x150.png 300w, https:\/\/portaldeyoung.uy\/wp-content\/uploads\/2025\/08\/Seccional-Sexta-Young-768x384.png 768w, https:\/\/portaldeyoung.uy\/wp-content\/uploads\/2025\/08\/Seccional-Sexta-Young.png 1200w\" sizes=\"auto, (max-width: 640px) 100vw, 640px\" \/><\/a><\/div><div class=\"advgb-post-wrapper\"><h2 class=\"advgb-post-title\"><a href=\"https:\/\/portaldeyoung.uy\/index.php\/2026\/04\/29\/dos-personas-detenidas-en-young-por-hechos-vinculados-a-hurtos\/\">Dos personas detenidas en Young por hechos vinculados a hurtos<\/a><\/h2><div class=\"advgb-post-tax-info\"><div class=\"advgb-post-tax advgb-post-category\"><div><a class=\"advgb-post-tax-term\" href=\"https:\/\/portaldeyoung.uy\/index.php\/category\/de-aca\/\">De ac\u00e1<\/a><\/div><\/div><\/div><div class=\"advgb-post-content\"><div class=\"advgb-post-excerpt\">En las \u00faltimas horas se registraron dos actuaciones policiales en nuestra ciudad relacionadas a delitos de hurto, que derivaron en la condena de una p<\/div><div class=\"advgb-post-readmore\"><a href=\"https:\/\/portaldeyoung.uy\/index.php\/2026\/04\/29\/dos-personas-detenidas-en-young-por-hechos-vinculados-a-hurtos\/\">Leer es enterarse<\/a><\/div><\/div><\/div><\/article><article class=\"advgb-recent-post\"><div class=\"advgb-post-thumbnail\"><a href=\"https:\/\/portaldeyoung.uy\/index.php\/2026\/04\/28\/predio-de-la-ex-plaza-del-tambor-fue-devuelto-a-su-propietario\/\"><img loading=\"lazy\" decoding=\"async\" width=\"640\" height=\"373\" src=\"https:\/\/portaldeyoung.uy\/wp-content\/uploads\/2026\/04\/plaza-tambor-1024x597.jpg\" class=\"attachment-large size-large\" alt=\"\" srcset=\"https:\/\/portaldeyoung.uy\/wp-content\/uploads\/2026\/04\/plaza-tambor-1024x597.jpg 1024w, https:\/\/portaldeyoung.uy\/wp-content\/uploads\/2026\/04\/plaza-tambor-300x175.jpg 300w, https:\/\/portaldeyoung.uy\/wp-content\/uploads\/2026\/04\/plaza-tambor-768x448.jpg 768w, https:\/\/portaldeyoung.uy\/wp-content\/uploads\/2026\/04\/plaza-tambor.jpg 1200w\" sizes=\"auto, (max-width: 640px) 100vw, 640px\" \/><\/a><\/div><div class=\"advgb-post-wrapper\"><h2 class=\"advgb-post-title\"><a href=\"https:\/\/portaldeyoung.uy\/index.php\/2026\/04\/28\/predio-de-la-ex-plaza-del-tambor-fue-devuelto-a-su-propietario\/\">Predio de la ex Plaza del Tambor fue devuelto a su propietario<\/a><\/h2><div class=\"advgb-post-tax-info\"><div class=\"advgb-post-tax advgb-post-category\"><div><a class=\"advgb-post-tax-term\" href=\"https:\/\/portaldeyoung.uy\/index.php\/category\/de-aca\/\">De ac\u00e1<\/a><\/div><\/div><\/div><div class=\"advgb-post-content\"><div class=\"advgb-post-excerpt\">El Municipio de Young inform\u00f3 que el predio donde funcionaba la denominada Plaza del Tambor fue restituido a su propietario, recuperando as\u00ed su condic<\/div><div class=\"advgb-post-readmore\"><a href=\"https:\/\/portaldeyoung.uy\/index.php\/2026\/04\/28\/predio-de-la-ex-plaza-del-tambor-fue-devuelto-a-su-propietario\/\">Leer es enterarse<\/a><\/div><\/div><\/div><\/article><article class=\"advgb-recent-post\"><div class=\"advgb-post-thumbnail\"><a href=\"https:\/\/portaldeyoung.uy\/index.php\/2026\/04\/28\/detenido-en-young-por-requisitoria-vigente-por-hurto\/\"><img loading=\"lazy\" decoding=\"async\" width=\"640\" height=\"440\" src=\"https:\/\/portaldeyoung.uy\/wp-content\/uploads\/2025\/11\/Policia-1024x704.jpeg\" class=\"attachment-large size-large\" alt=\"\" srcset=\"https:\/\/portaldeyoung.uy\/wp-content\/uploads\/2025\/11\/Policia-1024x704.jpeg 1024w, https:\/\/portaldeyoung.uy\/wp-content\/uploads\/2025\/11\/Policia-300x206.jpeg 300w, https:\/\/portaldeyoung.uy\/wp-content\/uploads\/2025\/11\/Policia-768x528.jpeg 768w, https:\/\/portaldeyoung.uy\/wp-content\/uploads\/2025\/11\/Policia.jpeg 1440w\" sizes=\"auto, (max-width: 640px) 100vw, 640px\" \/><\/a><\/div><div class=\"advgb-post-wrapper\"><h2 class=\"advgb-post-title\"><a href=\"https:\/\/portaldeyoung.uy\/index.php\/2026\/04\/28\/detenido-en-young-por-requisitoria-vigente-por-hurto\/\">Detenido en Young por requisitoria vigente por hurto<\/a><\/h2><div class=\"advgb-post-tax-info\"><div class=\"advgb-post-tax advgb-post-category\"><div><a class=\"advgb-post-tax-term\" href=\"https:\/\/portaldeyoung.uy\/index.php\/category\/de-aca\/\">De ac\u00e1<\/a><\/div><\/div><\/div><div class=\"advgb-post-content\"><div class=\"advgb-post-excerpt\">Un hombre mayor de edad fue detenido en la ciudad de Young tras constatarse que pesaba sobre \u00e9l una orden de detenci\u00f3n por un delito de hurto. El proc<\/div><div class=\"advgb-post-readmore\"><a href=\"https:\/\/portaldeyoung.uy\/index.php\/2026\/04\/28\/detenido-en-young-por-requisitoria-vigente-por-hurto\/\">Leer es enterarse<\/a><\/div><\/div><\/div><\/article><article class=\"advgb-recent-post\"><div class=\"advgb-post-thumbnail\"><a href=\"https:\/\/portaldeyoung.uy\/index.php\/2026\/04\/27\/dos-siniestros-de-transito-en-young-informacion-preliminar-aportada-por-lectores-video\/\"><img loading=\"lazy\" decoding=\"async\" width=\"640\" height=\"320\" src=\"https:\/\/portaldeyoung.uy\/wp-content\/uploads\/2026\/04\/accidente-lavalleja-y-rio-negro-1024x512.jpeg\" class=\"attachment-large size-large\" alt=\"\" srcset=\"https:\/\/portaldeyoung.uy\/wp-content\/uploads\/2026\/04\/accidente-lavalleja-y-rio-negro-1024x512.jpeg 1024w, https:\/\/portaldeyoung.uy\/wp-content\/uploads\/2026\/04\/accidente-lavalleja-y-rio-negro-300x150.jpeg 300w, https:\/\/portaldeyoung.uy\/wp-content\/uploads\/2026\/04\/accidente-lavalleja-y-rio-negro-768x384.jpeg 768w, https:\/\/portaldeyoung.uy\/wp-content\/uploads\/2026\/04\/accidente-lavalleja-y-rio-negro.jpeg 1200w\" sizes=\"auto, (max-width: 640px) 100vw, 640px\" \/><\/a><\/div><div class=\"advgb-post-wrapper\"><h2 class=\"advgb-post-title\"><a href=\"https:\/\/portaldeyoung.uy\/index.php\/2026\/04\/27\/dos-siniestros-de-transito-en-young-informacion-preliminar-aportada-por-lectores-video\/\">Dos siniestros de tr\u00e1nsito en Young: informaci\u00f3n preliminar aportada por lectores (Video)<\/a><\/h2><div class=\"advgb-post-tax-info\"><div class=\"advgb-post-tax advgb-post-category\"><div><a class=\"advgb-post-tax-term\" href=\"https:\/\/portaldeyoung.uy\/index.php\/category\/de-aca\/\">De ac\u00e1<\/a><\/div><\/div><\/div><div class=\"advgb-post-content\"><div class=\"advgb-post-excerpt\">Nuevamente, atentos lectores del Portal de Young hicieron llegar a este medio informaci\u00f3n e im\u00e1genes sobre siniestros de tr\u00e1nsito ocurridos en la ciud<\/div><div class=\"advgb-post-readmore\"><a href=\"https:\/\/portaldeyoung.uy\/index.php\/2026\/04\/27\/dos-siniestros-de-transito-en-young-informacion-preliminar-aportada-por-lectores-video\/\">Leer es enterarse<\/a><\/div><\/div><\/div><\/article><\/div><\/div>\n\n\n<figure class=\"wp-block-image size-full\"><img loading=\"lazy\" decoding=\"async\" width=\"1011\" height=\"385\" src=\"https:\/\/portaldeyoung.uy\/wp-content\/uploads\/2026\/04\/solicita-credito-COOPACE-2026.png\" alt=\"\" class=\"wp-image-10278\" srcset=\"https:\/\/portaldeyoung.uy\/wp-content\/uploads\/2026\/04\/solicita-credito-COOPACE-2026.png 1011w, https:\/\/portaldeyoung.uy\/wp-content\/uploads\/2026\/04\/solicita-credito-COOPACE-2026-300x114.png 300w, https:\/\/portaldeyoung.uy\/wp-content\/uploads\/2026\/04\/solicita-credito-COOPACE-2026-768x292.png 768w\" sizes=\"auto, (max-width: 1011px) 100vw, 1011px\" \/><\/figure>\n\n\n\n<figure class=\"wp-block-image size-full\"><img loading=\"lazy\" decoding=\"async\" width=\"1011\" height=\"400\" src=\"https:\/\/portaldeyoung.uy\/wp-content\/uploads\/2025\/06\/Mehitor-riego-abril-del-24.gif\" alt=\"\" class=\"wp-image-100\"\/><\/figure>\n\n\n<div class=\"advgb-recent-posts-block masonry-view columns-2 tbl-columns-2 mbl-columns-1 gap-10 recent-posts-8c9104e0-ee6a-48bf-84ac-a058db39a3fe\"><div class=\"advgb-recent-posts\"><article class=\"advgb-recent-post\"><div class=\"advgb-post-thumbnail\"><a href=\"https:\/\/portaldeyoung.uy\/index.php\/2026\/04\/30\/reunion-de-seguridad-rural-en-rio-negro-autoridades-y-productores-coordinan-acciones-contra-el-abigeato\/\"><img loading=\"lazy\" decoding=\"async\" width=\"640\" height=\"480\" src=\"https:\/\/portaldeyoung.uy\/wp-content\/uploads\/2026\/04\/con-productores-jefatura-1024x768.png\" class=\"attachment-large size-large\" alt=\"\" srcset=\"https:\/\/portaldeyoung.uy\/wp-content\/uploads\/2026\/04\/con-productores-jefatura-1024x768.png 1024w, https:\/\/portaldeyoung.uy\/wp-content\/uploads\/2026\/04\/con-productores-jefatura-300x225.png 300w, https:\/\/portaldeyoung.uy\/wp-content\/uploads\/2026\/04\/con-productores-jefatura-768x576.png 768w, https:\/\/portaldeyoung.uy\/wp-content\/uploads\/2026\/04\/con-productores-jefatura-800x600.png 800w, https:\/\/portaldeyoung.uy\/wp-content\/uploads\/2026\/04\/con-productores-jefatura.png 1200w\" sizes=\"auto, (max-width: 640px) 100vw, 640px\" \/><\/a><\/div><div class=\"advgb-post-wrapper\"><h2 class=\"advgb-post-title\"><a href=\"https:\/\/portaldeyoung.uy\/index.php\/2026\/04\/30\/reunion-de-seguridad-rural-en-rio-negro-autoridades-y-productores-coordinan-acciones-contra-el-abigeato\/\">Reuni\u00f3n de seguridad rural en R\u00edo Negro: autoridades y productores coordinan acciones contra el abigeato<\/a><\/h2><div class=\"advgb-post-tax-info\"><div class=\"advgb-post-tax advgb-post-category\"><div><a class=\"advgb-post-tax-term\" href=\"https:\/\/portaldeyoung.uy\/index.php\/category\/del-departamento\/\">Del departamento<\/a><\/div><\/div><\/div><div class=\"advgb-post-content\"><div class=\"advgb-post-excerpt\">El Comando de Jefatura de Polic\u00eda de R\u00edo Negro mantuvo una reuni\u00f3n de trabajo con productores rurales para abordar la problem\u00e1tica del abigeato y otra<\/div><div class=\"advgb-post-readmore\"><a href=\"https:\/\/portaldeyoung.uy\/index.php\/2026\/04\/30\/reunion-de-seguridad-rural-en-rio-negro-autoridades-y-productores-coordinan-acciones-contra-el-abigeato\/\">Leer es enterarse<\/a><\/div><\/div><\/div><\/article><article class=\"advgb-recent-post\"><div class=\"advgb-post-thumbnail\"><a href=\"https:\/\/portaldeyoung.uy\/index.php\/2026\/04\/30\/se-alerta-por-mensajes-de-textos-falsos-a-nombre-de-sucive\/\"><img loading=\"lazy\" decoding=\"async\" width=\"640\" height=\"423\" src=\"https:\/\/portaldeyoung.uy\/wp-content\/uploads\/2025\/06\/estafas.jpg\" class=\"attachment-large size-large\" alt=\"\" srcset=\"https:\/\/portaldeyoung.uy\/wp-content\/uploads\/2025\/06\/estafas.jpg 800w, https:\/\/portaldeyoung.uy\/wp-content\/uploads\/2025\/06\/estafas-300x198.jpg 300w, https:\/\/portaldeyoung.uy\/wp-content\/uploads\/2025\/06\/estafas-768x508.jpg 768w\" sizes=\"auto, (max-width: 640px) 100vw, 640px\" \/><\/a><\/div><div class=\"advgb-post-wrapper\"><h2 class=\"advgb-post-title\"><a href=\"https:\/\/portaldeyoung.uy\/index.php\/2026\/04\/30\/se-alerta-por-mensajes-de-textos-falsos-a-nombre-de-sucive\/\">Se alerta por mensajes de textos falsos a nombre de SUCIVE<\/a><\/h2><div class=\"advgb-post-tax-info\"><div class=\"advgb-post-tax advgb-post-category\"><div><a class=\"advgb-post-tax-term\" href=\"https:\/\/portaldeyoung.uy\/index.php\/category\/del-departamento\/\">Del departamento<\/a><\/div><\/div><\/div><div class=\"advgb-post-content\"><div class=\"advgb-post-excerpt\">La Direcci\u00f3n de Tr\u00e1nsito informa a la ciudadan\u00eda que en las \u00faltimas horas se han recibido consultas de contribuyentes respecto a un mensaje de texto (<\/div><div class=\"advgb-post-readmore\"><a href=\"https:\/\/portaldeyoung.uy\/index.php\/2026\/04\/30\/se-alerta-por-mensajes-de-textos-falsos-a-nombre-de-sucive\/\">Leer es enterarse<\/a><\/div><\/div><\/div><\/article><article class=\"advgb-recent-post\"><div class=\"advgb-post-thumbnail\"><a href=\"https:\/\/portaldeyoung.uy\/index.php\/2026\/04\/29\/dos-detenidos-con-cocaina-en-operativos-de-la-brigada-antidrogas\/\"><img loading=\"lazy\" decoding=\"async\" width=\"640\" height=\"327\" src=\"https:\/\/portaldeyoung.uy\/wp-content\/uploads\/2025\/07\/Policias.png\" class=\"attachment-large size-large\" alt=\"\" srcset=\"https:\/\/portaldeyoung.uy\/wp-content\/uploads\/2025\/07\/Policias.png 845w, https:\/\/portaldeyoung.uy\/wp-content\/uploads\/2025\/07\/Policias-300x153.png 300w, https:\/\/portaldeyoung.uy\/wp-content\/uploads\/2025\/07\/Policias-768x393.png 768w\" sizes=\"auto, (max-width: 640px) 100vw, 640px\" \/><\/a><\/div><div class=\"advgb-post-wrapper\"><h2 class=\"advgb-post-title\"><a href=\"https:\/\/portaldeyoung.uy\/index.php\/2026\/04\/29\/dos-detenidos-con-cocaina-en-operativos-de-la-brigada-antidrogas\/\">Dos detenidos con coca\u00edna en operativos de la Brigada Antidrogas<\/a><\/h2><div class=\"advgb-post-tax-info\"><div class=\"advgb-post-tax advgb-post-category\"><div><a class=\"advgb-post-tax-term\" href=\"https:\/\/portaldeyoung.uy\/index.php\/category\/del-departamento\/\">Del departamento<\/a><\/div><\/div><\/div><div class=\"advgb-post-content\"><div class=\"advgb-post-excerpt\">En el marco de controles rutinarios y tareas de inteligencia, la Brigada Departamental Antidrogas llev\u00f3 adelante en las \u00faltimas horas dos procedimient<\/div><div class=\"advgb-post-readmore\"><a href=\"https:\/\/portaldeyoung.uy\/index.php\/2026\/04\/29\/dos-detenidos-con-cocaina-en-operativos-de-la-brigada-antidrogas\/\">Leer es enterarse<\/a><\/div><\/div><\/div><\/article><article class=\"advgb-recent-post\"><div class=\"advgb-post-thumbnail\"><a href=\"https:\/\/portaldeyoung.uy\/index.php\/2026\/04\/29\/la-muestra-itinerante-america-antes-de-america-llego-a-bellaco\/\"><img loading=\"lazy\" decoding=\"async\" width=\"640\" height=\"322\" src=\"https:\/\/portaldeyoung.uy\/wp-content\/uploads\/2026\/04\/bellaco-muestra-itinerante.png\" class=\"attachment-large size-large\" alt=\"\" srcset=\"https:\/\/portaldeyoung.uy\/wp-content\/uploads\/2026\/04\/bellaco-muestra-itinerante.png 994w, https:\/\/portaldeyoung.uy\/wp-content\/uploads\/2026\/04\/bellaco-muestra-itinerante-300x151.png 300w, https:\/\/portaldeyoung.uy\/wp-content\/uploads\/2026\/04\/bellaco-muestra-itinerante-768x386.png 768w\" sizes=\"auto, (max-width: 640px) 100vw, 640px\" \/><\/a><\/div><div class=\"advgb-post-wrapper\"><h2 class=\"advgb-post-title\"><a href=\"https:\/\/portaldeyoung.uy\/index.php\/2026\/04\/29\/la-muestra-itinerante-america-antes-de-america-llego-a-bellaco\/\">La Muestra itinerante \u201cAm\u00e9rica antes de Am\u00e9rica\u201d lleg\u00f3 a Bellaco<\/a><\/h2><div class=\"advgb-post-tax-info\"><div class=\"advgb-post-tax advgb-post-category\"><div><a class=\"advgb-post-tax-term\" href=\"https:\/\/portaldeyoung.uy\/index.php\/category\/del-departamento\/\">Del departamento<\/a><\/div><\/div><\/div><div class=\"advgb-post-content\"><div class=\"advgb-post-excerpt\">La Intendencia de R\u00edo Negro, a trav\u00e9s del Departamento de Cultura y con el apoyo del \u00e1rea de Descentralizaci\u00f3n, present\u00f3 en la localidad de Bellaco la<\/div><div class=\"advgb-post-readmore\"><a href=\"https:\/\/portaldeyoung.uy\/index.php\/2026\/04\/29\/la-muestra-itinerante-america-antes-de-america-llego-a-bellaco\/\">Leer es enterarse<\/a><\/div><\/div><\/div><\/article><\/div><\/div>\n\n\n<figure class=\"wp-block-image size-full\"><img loading=\"lazy\" decoding=\"async\" width=\"1011\" height=\"420\" src=\"https:\/\/portaldeyoung.uy\/wp-content\/uploads\/2026\/03\/Barraca-Young-Marzo-del-26.png\" alt=\"\" class=\"wp-image-9568\" srcset=\"https:\/\/portaldeyoung.uy\/wp-content\/uploads\/2026\/03\/Barraca-Young-Marzo-del-26.png 1011w, https:\/\/portaldeyoung.uy\/wp-content\/uploads\/2026\/03\/Barraca-Young-Marzo-del-26-300x125.png 300w, https:\/\/portaldeyoung.uy\/wp-content\/uploads\/2026\/03\/Barraca-Young-Marzo-del-26-768x319.png 768w\" sizes=\"auto, (max-width: 1011px) 100vw, 1011px\" \/><\/figure>\n\n\n\n<figure class=\"wp-block-image size-full\"><img loading=\"lazy\" decoding=\"async\" width=\"1011\" height=\"380\" src=\"https:\/\/portaldeyoung.uy\/wp-content\/uploads\/2025\/06\/Obando-abril-24.gif\" alt=\"\" class=\"wp-image-96\"\/><\/figure>\n\n\n<div class=\"advgb-recent-posts-block masonry-view columns-2 tbl-columns-2 mbl-columns-1 gap-10 recent-posts-43164eda-274c-4897-90fd-d627940349ea\"><div class=\"advgb-recent-posts\"><article class=\"advgb-recent-post\"><div class=\"advgb-post-thumbnail\"><a href=\"https:\/\/portaldeyoung.uy\/index.php\/2026\/04\/30\/liceo-3-de-paysandu-sin-celulares-mayor-interaccion-entre-estudiantes\/\"><img loading=\"lazy\" decoding=\"async\" width=\"640\" height=\"360\" src=\"https:\/\/portaldeyoung.uy\/wp-content\/uploads\/2026\/04\/liceo-3-paysandu.jpg\" class=\"attachment-large size-large\" alt=\"\" srcset=\"https:\/\/portaldeyoung.uy\/wp-content\/uploads\/2026\/04\/liceo-3-paysandu.jpg 678w, https:\/\/portaldeyoung.uy\/wp-content\/uploads\/2026\/04\/liceo-3-paysandu-300x169.jpg 300w\" sizes=\"auto, (max-width: 640px) 100vw, 640px\" \/><\/a><\/div><div class=\"advgb-post-wrapper\"><h2 class=\"advgb-post-title\"><a href=\"https:\/\/portaldeyoung.uy\/index.php\/2026\/04\/30\/liceo-3-de-paysandu-sin-celulares-mayor-interaccion-entre-estudiantes\/\">Liceo 3 de Paysand\u00fa: sin celulares, mayor interacci\u00f3n entre estudiantes<\/a><\/h2><div class=\"advgb-post-tax-info\"><div class=\"advgb-post-tax advgb-post-category\"><div><a class=\"advgb-post-tax-term\" href=\"https:\/\/portaldeyoung.uy\/index.php\/category\/del-pais\/\">Del pa\u00eds<\/a><\/div><\/div><\/div><div class=\"advgb-post-content\"><div class=\"advgb-post-excerpt\">En medio de amenazas y de malos comportamientos generados a nivel pa\u00eds, los Liceos 3 y 5 de la vecina ciudad comienzan a ser ejemplo a nivel nacional,<\/div><div class=\"advgb-post-readmore\"><a href=\"https:\/\/portaldeyoung.uy\/index.php\/2026\/04\/30\/liceo-3-de-paysandu-sin-celulares-mayor-interaccion-entre-estudiantes\/\">Leer es enterarse<\/a><\/div><\/div><\/div><\/article><article class=\"advgb-recent-post\"><div class=\"advgb-post-thumbnail\"><a href=\"https:\/\/portaldeyoung.uy\/index.php\/2026\/04\/30\/aprobaron-en-comision-rebaja-en-valor-de-las-multas\/\"><img loading=\"lazy\" decoding=\"async\" width=\"640\" height=\"360\" src=\"https:\/\/portaldeyoung.uy\/wp-content\/uploads\/2026\/04\/velocidad.jpg\" class=\"attachment-large size-large\" alt=\"\" srcset=\"https:\/\/portaldeyoung.uy\/wp-content\/uploads\/2026\/04\/velocidad.jpg 678w, https:\/\/portaldeyoung.uy\/wp-content\/uploads\/2026\/04\/velocidad-300x169.jpg 300w\" sizes=\"auto, (max-width: 640px) 100vw, 640px\" \/><\/a><\/div><div class=\"advgb-post-wrapper\"><h2 class=\"advgb-post-title\"><a href=\"https:\/\/portaldeyoung.uy\/index.php\/2026\/04\/30\/aprobaron-en-comision-rebaja-en-valor-de-las-multas\/\">Aprobaron en comisi\u00f3n rebaja en valor de las multas<\/a><\/h2><div class=\"advgb-post-tax-info\"><div class=\"advgb-post-tax advgb-post-category\"><div><a class=\"advgb-post-tax-term\" href=\"https:\/\/portaldeyoung.uy\/index.php\/category\/del-pais\/\">Del pa\u00eds<\/a><\/div><\/div><\/div><div class=\"advgb-post-content\"><div class=\"advgb-post-excerpt\">La Comisi\u00f3n de Hacienda e Infraestructura de Diputados aprob\u00f3 con modificaciones el proyecto de ley que reduce las multas por exceso de velocidad en r<\/div><div class=\"advgb-post-readmore\"><a href=\"https:\/\/portaldeyoung.uy\/index.php\/2026\/04\/30\/aprobaron-en-comision-rebaja-en-valor-de-las-multas\/\">Leer es enterarse<\/a><\/div><\/div><\/div><\/article><article class=\"advgb-recent-post\"><div class=\"advgb-post-thumbnail\"><a href=\"https:\/\/portaldeyoung.uy\/index.php\/2026\/04\/30\/anuncia-hoy-el-aumento-de-precios-en-los-combustibles-que-regira-en-mayo\/\"><img loading=\"lazy\" decoding=\"async\" width=\"640\" height=\"327\" src=\"https:\/\/portaldeyoung.uy\/wp-content\/uploads\/2026\/01\/nafta-combustible-1024x523.png\" class=\"attachment-large size-large\" alt=\"\" srcset=\"https:\/\/portaldeyoung.uy\/wp-content\/uploads\/2026\/01\/nafta-combustible-1024x523.png 1024w, https:\/\/portaldeyoung.uy\/wp-content\/uploads\/2026\/01\/nafta-combustible-300x153.png 300w, https:\/\/portaldeyoung.uy\/wp-content\/uploads\/2026\/01\/nafta-combustible-768x392.png 768w, https:\/\/portaldeyoung.uy\/wp-content\/uploads\/2026\/01\/nafta-combustible.png 1101w\" sizes=\"auto, (max-width: 640px) 100vw, 640px\" \/><\/a><\/div><div class=\"advgb-post-wrapper\"><h2 class=\"advgb-post-title\"><a href=\"https:\/\/portaldeyoung.uy\/index.php\/2026\/04\/30\/anuncia-hoy-el-aumento-de-precios-en-los-combustibles-que-regira-en-mayo\/\">Anuncia hoy el aumento de precios en los combustibles que regir\u00e1 en mayo<\/a><\/h2><div class=\"advgb-post-tax-info\"><div class=\"advgb-post-tax advgb-post-category\"><div><a class=\"advgb-post-tax-term\" href=\"https:\/\/portaldeyoung.uy\/index.php\/category\/del-pais\/\">Del pa\u00eds<\/a><\/div><\/div><\/div><div class=\"advgb-post-content\"><div class=\"advgb-post-excerpt\">El gobierno analiza por estas horas si el aumento se mantiene dentro del l\u00edmite de 7% establecido como tope, dijo la ministra de Industria Fernanda Ca<\/div><div class=\"advgb-post-readmore\"><a href=\"https:\/\/portaldeyoung.uy\/index.php\/2026\/04\/30\/anuncia-hoy-el-aumento-de-precios-en-los-combustibles-que-regira-en-mayo\/\">Leer es enterarse<\/a><\/div><\/div><\/div><\/article><article class=\"advgb-recent-post\"><div class=\"advgb-post-thumbnail\"><a href=\"https:\/\/portaldeyoung.uy\/index.php\/2026\/04\/30\/mato-desde-su-silla-de-ruedas-imputan-por-homicidio-al-delincuente-de-22-anos-detenido-en-santa-catalina\/\"><img loading=\"lazy\" decoding=\"async\" width=\"640\" height=\"412\" src=\"https:\/\/portaldeyoung.uy\/wp-content\/uploads\/2026\/04\/silla-ruedas-asesino.png\" class=\"attachment-large size-large\" alt=\"\" srcset=\"https:\/\/portaldeyoung.uy\/wp-content\/uploads\/2026\/04\/silla-ruedas-asesino.png 652w, https:\/\/portaldeyoung.uy\/wp-content\/uploads\/2026\/04\/silla-ruedas-asesino-300x193.png 300w\" sizes=\"auto, (max-width: 640px) 100vw, 640px\" \/><\/a><\/div><div class=\"advgb-post-wrapper\"><h2 class=\"advgb-post-title\"><a href=\"https:\/\/portaldeyoung.uy\/index.php\/2026\/04\/30\/mato-desde-su-silla-de-ruedas-imputan-por-homicidio-al-delincuente-de-22-anos-detenido-en-santa-catalina\/\">Mat\u00f3 desde su silla de ruedas: imputan por homicidio al delincuente de 22 a\u00f1os detenido en Santa Catalina<\/a><\/h2><div class=\"advgb-post-tax-info\"><div class=\"advgb-post-tax advgb-post-category\"><div><a class=\"advgb-post-tax-term\" href=\"https:\/\/portaldeyoung.uy\/index.php\/category\/del-pais\/\">Del pa\u00eds<\/a><\/div><\/div><\/div><div class=\"advgb-post-content\"><div class=\"advgb-post-excerpt\">El joven de 22 a\u00f1os, con tres antecedentes penales, aguardar\u00e1 en prisi\u00f3n preventiva la resoluci\u00f3n judicial definitiva. Es juzgado por el homicidio de <\/div><div class=\"advgb-post-readmore\"><a href=\"https:\/\/portaldeyoung.uy\/index.php\/2026\/04\/30\/mato-desde-su-silla-de-ruedas-imputan-por-homicidio-al-delincuente-de-22-anos-detenido-en-santa-catalina\/\">Leer es enterarse<\/a><\/div><\/div><\/div><\/article><\/div><\/div>\n\n\n<figure class=\"wp-block-image size-full\"><img loading=\"lazy\" decoding=\"async\" width=\"1011\" height=\"380\" src=\"https:\/\/portaldeyoung.uy\/wp-content\/uploads\/2026\/02\/Municipio-de-Young-Julio-2025.gif\" alt=\"\" class=\"wp-image-8623\"\/><\/figure>\n\n\n\n<figure class=\"wp-block-image size-full\"><img loading=\"lazy\" decoding=\"async\" width=\"1011\" height=\"420\" src=\"https:\/\/portaldeyoung.uy\/wp-content\/uploads\/2025\/11\/IRN-Reconstruye-Noviembre-25.jpg\" alt=\"\" class=\"wp-image-5297\" srcset=\"https:\/\/portaldeyoung.uy\/wp-content\/uploads\/2025\/11\/IRN-Reconstruye-Noviembre-25.jpg 1011w, https:\/\/portaldeyoung.uy\/wp-content\/uploads\/2025\/11\/IRN-Reconstruye-Noviembre-25-300x125.jpg 300w, https:\/\/portaldeyoung.uy\/wp-content\/uploads\/2025\/11\/IRN-Reconstruye-Noviembre-25-768x319.jpg 768w\" sizes=\"auto, (max-width: 1011px) 100vw, 1011px\" \/><\/figure>\n\n\n<div class=\"advgb-recent-posts-block masonry-view columns-2 tbl-columns-2 mbl-columns-1 gap-10 recent-posts-8ab3d38c-6bb6-415a-8e86-e7a9344de1f1\"><div class=\"advgb-recent-posts\"><article class=\"advgb-recent-post\"><div class=\"advgb-post-thumbnail\"><a href=\"https:\/\/portaldeyoung.uy\/index.php\/2026\/04\/29\/este-miercoles-es-la-audiencia-publica-del-municipio-de-young-en-teatro-atenas\/\"><img loading=\"lazy\" decoding=\"async\" width=\"640\" height=\"427\" src=\"https:\/\/portaldeyoung.uy\/wp-content\/uploads\/2026\/04\/teatro-atenas.jpg\" class=\"attachment-large size-large\" alt=\"\" srcset=\"https:\/\/portaldeyoung.uy\/wp-content\/uploads\/2026\/04\/teatro-atenas.jpg 1000w, https:\/\/portaldeyoung.uy\/wp-content\/uploads\/2026\/04\/teatro-atenas-300x200.jpg 300w, https:\/\/portaldeyoung.uy\/wp-content\/uploads\/2026\/04\/teatro-atenas-768x512.jpg 768w\" sizes=\"auto, (max-width: 640px) 100vw, 640px\" \/><\/a><\/div><div class=\"advgb-post-wrapper\"><h2 class=\"advgb-post-title\"><a href=\"https:\/\/portaldeyoung.uy\/index.php\/2026\/04\/29\/este-miercoles-es-la-audiencia-publica-del-municipio-de-young-en-teatro-atenas\/\">Este mi\u00e9rcoles es la audiencia p\u00fablica del Municipio de Young en Teatro Atenas<\/a><\/h2><div class=\"advgb-post-tax-info\"><div class=\"advgb-post-tax advgb-post-category\"><div><a class=\"advgb-post-tax-term\" href=\"https:\/\/portaldeyoung.uy\/index.php\/category\/de-la-ciudad\/\">De la ciudad<\/a><\/div><\/div><\/div><div class=\"advgb-post-content\"><div class=\"advgb-post-excerpt\">El Concejo Municipal de Young sesion\u00f3 en la noche del martes en car\u00e1cter extraordinario, instancia en la que se abord\u00f3 la evaluaci\u00f3n de distintas soli<\/div><div class=\"advgb-post-readmore\"><a href=\"https:\/\/portaldeyoung.uy\/index.php\/2026\/04\/29\/este-miercoles-es-la-audiencia-publica-del-municipio-de-young-en-teatro-atenas\/\">Leer es enterarse<\/a><\/div><\/div><\/div><\/article><article class=\"advgb-recent-post\"><div class=\"advgb-post-thumbnail\"><a href=\"https:\/\/portaldeyoung.uy\/index.php\/2026\/04\/27\/denuncian-fraude-informatico-tras-compra-en-linea-en-nuestra-ciudad\/\"><img loading=\"lazy\" decoding=\"async\" width=\"640\" height=\"425\" src=\"https:\/\/portaldeyoung.uy\/wp-content\/uploads\/2026\/01\/policia-uniforme.jpg\" class=\"attachment-large size-large\" alt=\"\" srcset=\"https:\/\/portaldeyoung.uy\/wp-content\/uploads\/2026\/01\/policia-uniforme.jpg 945w, https:\/\/portaldeyoung.uy\/wp-content\/uploads\/2026\/01\/policia-uniforme-300x199.jpg 300w, https:\/\/portaldeyoung.uy\/wp-content\/uploads\/2026\/01\/policia-uniforme-768x510.jpg 768w\" sizes=\"auto, (max-width: 640px) 100vw, 640px\" \/><\/a><\/div><div class=\"advgb-post-wrapper\"><h2 class=\"advgb-post-title\"><a href=\"https:\/\/portaldeyoung.uy\/index.php\/2026\/04\/27\/denuncian-fraude-informatico-tras-compra-en-linea-en-nuestra-ciudad\/\">Denuncian  fraude inform\u00e1tico tras compra en l\u00ednea en nuestra ciudad<\/a><\/h2><div class=\"advgb-post-tax-info\"><div class=\"advgb-post-tax advgb-post-category\"><div><a class=\"advgb-post-tax-term\" href=\"https:\/\/portaldeyoung.uy\/index.php\/category\/de-la-ciudad\/\">De la ciudad<\/a><\/div><\/div><\/div><div class=\"advgb-post-content\"><div class=\"advgb-post-excerpt\">Un vecino mayor de edad present\u00f3 una denuncia por presunto fraude inform\u00e1tico luego de realizar una compra que no fue concretada. Seg\u00fan consta en la d<\/div><div class=\"advgb-post-readmore\"><a href=\"https:\/\/portaldeyoung.uy\/index.php\/2026\/04\/27\/denuncian-fraude-informatico-tras-compra-en-linea-en-nuestra-ciudad\/\">Leer es enterarse<\/a><\/div><\/div><\/div><\/article><article class=\"advgb-recent-post\"><div class=\"advgb-post-thumbnail\"><a href=\"https:\/\/portaldeyoung.uy\/index.php\/2026\/04\/27\/raul-ruppel-presento-el-libro-sobre-la-trayectoria-de-juan-carlos-cabrera\/\"><img loading=\"lazy\" decoding=\"async\" width=\"640\" height=\"480\" src=\"https:\/\/portaldeyoung.uy\/wp-content\/uploads\/2026\/04\/libro-cabrera-1024x768.jpg\" class=\"attachment-large size-large\" alt=\"\" srcset=\"https:\/\/portaldeyoung.uy\/wp-content\/uploads\/2026\/04\/libro-cabrera-1024x768.jpg 1024w, https:\/\/portaldeyoung.uy\/wp-content\/uploads\/2026\/04\/libro-cabrera-300x225.jpg 300w, https:\/\/portaldeyoung.uy\/wp-content\/uploads\/2026\/04\/libro-cabrera-768x576.jpg 768w, https:\/\/portaldeyoung.uy\/wp-content\/uploads\/2026\/04\/libro-cabrera-800x600.jpg 800w, https:\/\/portaldeyoung.uy\/wp-content\/uploads\/2026\/04\/libro-cabrera.jpg 1200w\" sizes=\"auto, (max-width: 640px) 100vw, 640px\" \/><\/a><\/div><div class=\"advgb-post-wrapper\"><h2 class=\"advgb-post-title\"><a href=\"https:\/\/portaldeyoung.uy\/index.php\/2026\/04\/27\/raul-ruppel-presento-el-libro-sobre-la-trayectoria-de-juan-carlos-cabrera\/\">Ra\u00fal Ruppel present\u00f3 el libro sobre la trayectoria de Juan Carlos Cabrera<\/a><\/h2><div class=\"advgb-post-tax-info\"><div class=\"advgb-post-tax advgb-post-category\"><div><a class=\"advgb-post-tax-term\" href=\"https:\/\/portaldeyoung.uy\/index.php\/category\/de-la-ciudad\/\">De la ciudad<\/a><\/div><\/div><\/div><div class=\"advgb-post-content\"><div class=\"advgb-post-excerpt\">Con una destacada concurrencia de p\u00fablico, se realiz\u00f3 en el auditorio \u201cElbio Reyes\u201d la presentaci\u00f3n del libro \u201cEl h\u00e9roe de los ojos ani\u00f1ados\u201d, del esc<\/div><div class=\"advgb-post-readmore\"><a href=\"https:\/\/portaldeyoung.uy\/index.php\/2026\/04\/27\/raul-ruppel-presento-el-libro-sobre-la-trayectoria-de-juan-carlos-cabrera\/\">Leer es enterarse<\/a><\/div><\/div><\/div><\/article><article class=\"advgb-recent-post\"><div class=\"advgb-post-thumbnail\"><a href=\"https:\/\/portaldeyoung.uy\/index.php\/2026\/04\/27\/hermoso-mural-en-viviendas-vico-young\/\"><img loading=\"lazy\" decoding=\"async\" width=\"640\" height=\"480\" src=\"https:\/\/portaldeyoung.uy\/wp-content\/uploads\/2026\/04\/mural-1024x768.jpg\" class=\"attachment-large size-large\" alt=\"\" srcset=\"https:\/\/portaldeyoung.uy\/wp-content\/uploads\/2026\/04\/mural-1024x768.jpg 1024w, https:\/\/portaldeyoung.uy\/wp-content\/uploads\/2026\/04\/mural-300x225.jpg 300w, https:\/\/portaldeyoung.uy\/wp-content\/uploads\/2026\/04\/mural-768x576.jpg 768w, https:\/\/portaldeyoung.uy\/wp-content\/uploads\/2026\/04\/mural-800x600.jpg 800w, https:\/\/portaldeyoung.uy\/wp-content\/uploads\/2026\/04\/mural.jpg 1200w\" sizes=\"auto, (max-width: 640px) 100vw, 640px\" \/><\/a><\/div><div class=\"advgb-post-wrapper\"><h2 class=\"advgb-post-title\"><a href=\"https:\/\/portaldeyoung.uy\/index.php\/2026\/04\/27\/hermoso-mural-en-viviendas-vico-young\/\">Hermoso mural en viviendas Vico Young<\/a><\/h2><div class=\"advgb-post-tax-info\"><div class=\"advgb-post-tax advgb-post-category\"><div><a class=\"advgb-post-tax-term\" href=\"https:\/\/portaldeyoung.uy\/index.php\/category\/de-la-ciudad\/\">De la ciudad<\/a><\/div><\/div><\/div><div class=\"advgb-post-content\"><div class=\"advgb-post-excerpt\">El grupo de vecinos de Viviendas VicoYoung, en la intersecci\u00f3n de Rinc\u00f3n y R\u00edo Negro, contin\u00faa trabajando en el embellecimiento del entorno de su barr<\/div><div class=\"advgb-post-readmore\"><a href=\"https:\/\/portaldeyoung.uy\/index.php\/2026\/04\/27\/hermoso-mural-en-viviendas-vico-young\/\">Leer es enterarse<\/a><\/div><\/div><\/div><\/article><\/div><\/div>\n\n\n<figure class=\"wp-block-image size-full\"><img loading=\"lazy\" decoding=\"async\" width=\"1018\" height=\"381\" src=\"https:\/\/portaldeyoung.uy\/wp-content\/uploads\/2025\/11\/La-Proa-Regalos-y-Hogar-Nov-2025.png\" alt=\"\" class=\"wp-image-5454\" srcset=\"https:\/\/portaldeyoung.uy\/wp-content\/uploads\/2025\/11\/La-Proa-Regalos-y-Hogar-Nov-2025.png 1018w, https:\/\/portaldeyoung.uy\/wp-content\/uploads\/2025\/11\/La-Proa-Regalos-y-Hogar-Nov-2025-300x112.png 300w, https:\/\/portaldeyoung.uy\/wp-content\/uploads\/2025\/11\/La-Proa-Regalos-y-Hogar-Nov-2025-768x287.png 768w\" sizes=\"auto, (max-width: 1018px) 100vw, 1018px\" \/><\/figure>\n\n\n\n<figure class=\"wp-block-image size-full\"><img loading=\"lazy\" decoding=\"async\" width=\"1011\" height=\"400\" src=\"https:\/\/portaldeyoung.uy\/wp-content\/uploads\/2026\/03\/ALQUILO-Cheppi.png\" alt=\"\" class=\"wp-image-9206\" srcset=\"https:\/\/portaldeyoung.uy\/wp-content\/uploads\/2026\/03\/ALQUILO-Cheppi.png 1011w, https:\/\/portaldeyoung.uy\/wp-content\/uploads\/2026\/03\/ALQUILO-Cheppi-300x119.png 300w, https:\/\/portaldeyoung.uy\/wp-content\/uploads\/2026\/03\/ALQUILO-Cheppi-768x304.png 768w\" sizes=\"auto, (max-width: 1011px) 100vw, 1011px\" \/><\/figure>\n\n\n<div class=\"popular-posts\"><h2>Se lee en el Portal<\/h2><script type=\"application\/json\" data-id=\"wpp-block-inline-js\">{\"title\":\"Se lee en el Portal\",\"limit\":\"5\",\"offset\":0,\"range\":\"last24hours\",\"time_quantity\":\"24\",\"time_unit\":\"hour\",\"freshness\":\"1\",\"order_by\":\"views\",\"post_type\":\"post\",\"pid\":\"\",\"exclude\":\"\",\"taxonomy\":\"category\",\"term_id\":\"\",\"author\":\"\",\"shorten_title\":{\"active\":false,\"length\":0,\"words\":false},\"post-excerpt\":{\"active\":false,\"length\":0,\"keep_format\":false,\"words\":false},\"thumbnail\":{\"active\":true,\"width\":\"75\",\"height\":\"75\",\"build\":\"manual\",\"size\":\"\"},\"rating\":false,\"stats_tag\":{\"comment_count\":false,\"views\":false,\"author\":false,\"date\":{\"active\":false,\"format\":\"F j, Y\"},\"taxonomy\":{\"active\":false,\"name\":\"category\"}},\"markup\":{\"custom_html\":false,\"wpp-start\":\"<ul class=\\\"wpp-list\\\">\",\"wpp-end\":\"<\\\/ul>\",\"title-start\":\"<h2>\",\"title-end\":\"<\\\/h2>\",\"post-html\":\"<li class=\\\"{current_class}\\\">{thumb} {title} <span class=\\\"wpp-meta post-stats\\\">{stats}<\\\/span><\\\/li>\"},\"theme\":{\"name\":\"\"}}<\/script><div class=\"wpp-widget-block-placeholder\"><\/div><\/div>\n\n\n<figure class=\"wp-block-image size-full\"><img loading=\"lazy\" decoding=\"async\" width=\"1011\" height=\"400\" src=\"https:\/\/portaldeyoung.uy\/wp-content\/uploads\/2025\/06\/El-Fogon-Mayo-del-25.gif\" alt=\"\" class=\"wp-image-119\"\/><\/figure>\n\n\n<div class=\"advgb-recent-posts-block masonry-view columns-2 tbl-columns-2 mbl-columns-1 gap-10 recent-posts-578e3cfe-e5cb-429e-8184-0a5913276050\"><div class=\"advgb-recent-posts\"><article class=\"advgb-recent-post\"><div class=\"advgb-post-thumbnail\"><a href=\"https:\/\/portaldeyoung.uy\/index.php\/2026\/04\/28\/llamado-externo-a-asistente-tecnico-en-turismo\/\"><img loading=\"lazy\" decoding=\"async\" width=\"640\" height=\"360\" src=\"https:\/\/portaldeyoung.uy\/wp-content\/uploads\/2026\/04\/tecnico-turismo-1024x576.jpg\" class=\"attachment-large size-large\" alt=\"\" srcset=\"https:\/\/portaldeyoung.uy\/wp-content\/uploads\/2026\/04\/tecnico-turismo-1024x576.jpg 1024w, https:\/\/portaldeyoung.uy\/wp-content\/uploads\/2026\/04\/tecnico-turismo-300x169.jpg 300w, https:\/\/portaldeyoung.uy\/wp-content\/uploads\/2026\/04\/tecnico-turismo-768x432.jpg 768w, https:\/\/portaldeyoung.uy\/wp-content\/uploads\/2026\/04\/tecnico-turismo.jpg 1280w\" sizes=\"auto, (max-width: 640px) 100vw, 640px\" \/><\/a><\/div><div class=\"advgb-post-wrapper\"><h2 class=\"advgb-post-title\"><a href=\"https:\/\/portaldeyoung.uy\/index.php\/2026\/04\/28\/llamado-externo-a-asistente-tecnico-en-turismo\/\">Llamado Externo a Asistente T\u00e9cnico en Turismo<\/a><\/h2><div class=\"advgb-post-tax-info\"><div class=\"advgb-post-tax advgb-post-category\"><div><a class=\"advgb-post-tax-term\" href=\"https:\/\/portaldeyoung.uy\/index.php\/category\/del-territorio\/\">Del territorio<\/a><\/div><\/div><\/div><div class=\"advgb-post-content\"><div class=\"advgb-post-excerpt\">La Intendencia de R\u00edo Negro efect\u00faa llamado externo a Asistente en Turismo para desempe\u00f1arse en tareas dependientes de la Direcci\u00f3n de Turismo. 1. Den<\/div><div class=\"advgb-post-readmore\"><a href=\"https:\/\/portaldeyoung.uy\/index.php\/2026\/04\/28\/llamado-externo-a-asistente-tecnico-en-turismo\/\">Leer es enterarse&#8230;<\/a><\/div><\/div><\/div><\/article><article class=\"advgb-recent-post\"><div class=\"advgb-post-thumbnail\"><a href=\"https:\/\/portaldeyoung.uy\/index.php\/2026\/04\/28\/fray-bentos-recapturan-a-recluso-fugado-y-detienen-a-joven-por-danos-en-seccional\/\"><img loading=\"lazy\" decoding=\"async\" width=\"640\" height=\"418\" src=\"https:\/\/portaldeyoung.uy\/wp-content\/uploads\/2026\/03\/policia-77.png\" class=\"attachment-large size-large\" alt=\"\" srcset=\"https:\/\/portaldeyoung.uy\/wp-content\/uploads\/2026\/03\/policia-77.png 655w, https:\/\/portaldeyoung.uy\/wp-content\/uploads\/2026\/03\/policia-77-300x196.png 300w\" sizes=\"auto, (max-width: 640px) 100vw, 640px\" \/><\/a><\/div><div class=\"advgb-post-wrapper\"><h2 class=\"advgb-post-title\"><a href=\"https:\/\/portaldeyoung.uy\/index.php\/2026\/04\/28\/fray-bentos-recapturan-a-recluso-fugado-y-detienen-a-joven-por-danos-en-seccional\/\">Fray Bentos: recapturan a recluso fugado y detienen a joven por da\u00f1os en seccional<\/a><\/h2><div class=\"advgb-post-tax-info\"><div class=\"advgb-post-tax advgb-post-category\"><div><a class=\"advgb-post-tax-term\" href=\"https:\/\/portaldeyoung.uy\/index.php\/category\/del-territorio\/\">Del territorio<\/a><\/div><\/div><\/div><div class=\"advgb-post-content\"><div class=\"advgb-post-excerpt\">Dos hechos policiales se registraron en las \u00faltimas horas en la ciudad de Fray Bentos, de acuerdo al informe emitido por la Jefatura de Polic\u00eda de R\u00edo<\/div><div class=\"advgb-post-readmore\"><a href=\"https:\/\/portaldeyoung.uy\/index.php\/2026\/04\/28\/fray-bentos-recapturan-a-recluso-fugado-y-detienen-a-joven-por-danos-en-seccional\/\">Leer es enterarse&#8230;<\/a><\/div><\/div><\/div><\/article><article class=\"advgb-recent-post\"><div class=\"advgb-post-thumbnail\"><a href=\"https:\/\/portaldeyoung.uy\/index.php\/2026\/04\/28\/rio-negro-abre-inscripciones-para-jornadas-de-castraciones-gratuitas-en-todo-el-departamento\/\"><img loading=\"lazy\" decoding=\"async\" width=\"640\" height=\"346\" src=\"https:\/\/portaldeyoung.uy\/wp-content\/uploads\/2026\/02\/castraciones.jpg\" class=\"attachment-large size-large\" alt=\"\" srcset=\"https:\/\/portaldeyoung.uy\/wp-content\/uploads\/2026\/02\/castraciones.jpg 800w, https:\/\/portaldeyoung.uy\/wp-content\/uploads\/2026\/02\/castraciones-300x162.jpg 300w, https:\/\/portaldeyoung.uy\/wp-content\/uploads\/2026\/02\/castraciones-768x415.jpg 768w\" sizes=\"auto, (max-width: 640px) 100vw, 640px\" \/><\/a><\/div><div class=\"advgb-post-wrapper\"><h2 class=\"advgb-post-title\"><a href=\"https:\/\/portaldeyoung.uy\/index.php\/2026\/04\/28\/rio-negro-abre-inscripciones-para-jornadas-de-castraciones-gratuitas-en-todo-el-departamento\/\">R\u00edo Negro abre inscripciones para jornadas de castraciones gratuitas en todo el departamento<\/a><\/h2><div class=\"advgb-post-tax-info\"><div class=\"advgb-post-tax advgb-post-category\"><div><a class=\"advgb-post-tax-term\" href=\"https:\/\/portaldeyoung.uy\/index.php\/category\/del-territorio\/\">Del territorio<\/a><\/div><\/div><\/div><div class=\"advgb-post-content\"><div class=\"advgb-post-excerpt\">La Intendencia de R\u00edo Negro, en coordinaci\u00f3n con el Instituto Nacional de Bienestar Animal (INBA), comenzar\u00e1 el mi\u00e9rcoles 29 de abril el per\u00edodo de in<\/div><div class=\"advgb-post-readmore\"><a href=\"https:\/\/portaldeyoung.uy\/index.php\/2026\/04\/28\/rio-negro-abre-inscripciones-para-jornadas-de-castraciones-gratuitas-en-todo-el-departamento\/\">Leer es enterarse&#8230;<\/a><\/div><\/div><\/div><\/article><article class=\"advgb-recent-post\"><div class=\"advgb-post-thumbnail\"><a href=\"https:\/\/portaldeyoung.uy\/index.php\/2026\/04\/27\/aseguran-que-habra-120-puestos-de-trabajo-en-planta-fotovoltaica\/\"><img loading=\"lazy\" decoding=\"async\" width=\"640\" height=\"268\" src=\"https:\/\/portaldeyoung.uy\/wp-content\/uploads\/2026\/03\/energia-solar.jpg\" class=\"attachment-large size-large\" alt=\"\" srcset=\"https:\/\/portaldeyoung.uy\/wp-content\/uploads\/2026\/03\/energia-solar.jpg 849w, https:\/\/portaldeyoung.uy\/wp-content\/uploads\/2026\/03\/energia-solar-300x125.jpg 300w, https:\/\/portaldeyoung.uy\/wp-content\/uploads\/2026\/03\/energia-solar-768x321.jpg 768w\" sizes=\"auto, (max-width: 640px) 100vw, 640px\" \/><\/a><\/div><div class=\"advgb-post-wrapper\"><h2 class=\"advgb-post-title\"><a href=\"https:\/\/portaldeyoung.uy\/index.php\/2026\/04\/27\/aseguran-que-habra-120-puestos-de-trabajo-en-planta-fotovoltaica\/\">Aseguran que habr\u00e1 120 puestos de trabajo en planta fotovoltaica<\/a><\/h2><div class=\"advgb-post-tax-info\"><div class=\"advgb-post-tax advgb-post-category\"><div><a class=\"advgb-post-tax-term\" href=\"https:\/\/portaldeyoung.uy\/index.php\/category\/del-territorio\/\">Del territorio<\/a><\/div><\/div><\/div><div class=\"advgb-post-content\"><div class=\"advgb-post-excerpt\">El intendente de R\u00edo Negro, Guillermo Levratto, inform\u00f3 sobre la instalaci\u00f3n de una planta fotovoltaica anunciada por el Poder Ejecutivo, que se ubica<\/div><div class=\"advgb-post-readmore\"><a href=\"https:\/\/portaldeyoung.uy\/index.php\/2026\/04\/27\/aseguran-que-habra-120-puestos-de-trabajo-en-planta-fotovoltaica\/\">Leer es enterarse&#8230;<\/a><\/div><\/div><\/div><\/article><\/div><\/div>\n\n\n<figure class=\"wp-block-image size-full\"><img loading=\"lazy\" decoding=\"async\" width=\"1011\" height=\"389\" src=\"https:\/\/portaldeyoung.uy\/wp-content\/uploads\/2025\/07\/La-Proa-carnes-seleccionadas.gif\" alt=\"\" class=\"wp-image-1795\"\/><\/figure>\n\n\n\n<h2 class=\"wp-block-heading\">Una sonrisa.. con Fontanarrosa<\/h2>\n\n\n\n<figure class=\"wp-block-gallery has-nested-images columns-default is-cropped wp-block-gallery-1 is-layout-flex wp-block-gallery-is-layout-flex\">\n<figure class=\"wp-block-image size-full\"><img loading=\"lazy\" decoding=\"async\" width=\"594\" height=\"565\" data-id=\"10325\" src=\"https:\/\/portaldeyoung.uy\/wp-content\/uploads\/2026\/04\/jubilados-fontanarrosa.png\" alt=\"\" class=\"wp-image-10325\" srcset=\"https:\/\/portaldeyoung.uy\/wp-content\/uploads\/2026\/04\/jubilados-fontanarrosa.png 594w, https:\/\/portaldeyoung.uy\/wp-content\/uploads\/2026\/04\/jubilados-fontanarrosa-300x285.png 300w\" sizes=\"auto, (max-width: 594px) 100vw, 594px\" \/><\/figure>\n<\/figure>\n\n\n\n<h2 class=\"wp-block-heading\">Te puede interesar&#8230;<\/h2>\n\n\n<div class=\"advgb-recent-posts-block masonry-view columns-2 tbl-columns-2 mbl-columns-1 gap-10 recent-posts-630350f5-6bec-45b9-9be3-60081b11d0d1\"><div class=\"advgb-recent-posts\"><article class=\"advgb-recent-post\"><div class=\"advgb-post-thumbnail\"><a href=\"https:\/\/portaldeyoung.uy\/index.php\/2026\/04\/27\/el-enjuague-bucal-realmente-dana-el-corazon-esto-dicen-los-estudios\/\"><img loading=\"lazy\" decoding=\"async\" width=\"640\" height=\"361\" src=\"https:\/\/portaldeyoung.uy\/wp-content\/uploads\/2026\/04\/Enjuague.png\" class=\"attachment-large size-large\" alt=\"\" srcset=\"https:\/\/portaldeyoung.uy\/wp-content\/uploads\/2026\/04\/Enjuague.png 962w, https:\/\/portaldeyoung.uy\/wp-content\/uploads\/2026\/04\/Enjuague-300x169.png 300w, https:\/\/portaldeyoung.uy\/wp-content\/uploads\/2026\/04\/Enjuague-768x433.png 768w\" sizes=\"auto, (max-width: 640px) 100vw, 640px\" \/><\/a><\/div><div class=\"advgb-post-wrapper\"><h2 class=\"advgb-post-title\"><a href=\"https:\/\/portaldeyoung.uy\/index.php\/2026\/04\/27\/el-enjuague-bucal-realmente-dana-el-corazon-esto-dicen-los-estudios\/\">\u00bfEl enjuague bucal realmente da\u00f1a el coraz\u00f3n? Esto dicen los estudios<\/a><\/h2><div class=\"advgb-post-tax-info\"><div class=\"advgb-post-tax advgb-post-category\"><div><a class=\"advgb-post-tax-term\" href=\"https:\/\/portaldeyoung.uy\/index.php\/category\/salud-y-tecnologia\/\">Salud y tecnolog\u00eda<\/a><\/div><\/div><\/div><div class=\"advgb-post-content\"><div class=\"advgb-post-excerpt\">Existe la suposici\u00f3n de que el enjuague bucal puede ser perjudicial para la salud, ya que elimina bacterias beneficiosas. Aqu\u00ed lo que plantean los cie<\/div><div class=\"advgb-post-readmore\"><a href=\"https:\/\/portaldeyoung.uy\/index.php\/2026\/04\/27\/el-enjuague-bucal-realmente-dana-el-corazon-esto-dicen-los-estudios\/\">Leer es enterarse<\/a><\/div><\/div><\/div><\/article><article class=\"advgb-recent-post\"><div class=\"advgb-post-thumbnail\"><a href=\"https:\/\/portaldeyoung.uy\/index.php\/2026\/04\/27\/meta-y-microsoft-anuncian-recorte-de-20-000-puestos-la-preocupante-senal-que-hay-detras\/\"><img loading=\"lazy\" decoding=\"async\" width=\"640\" height=\"360\" src=\"https:\/\/portaldeyoung.uy\/wp-content\/uploads\/2026\/04\/meta-informatico.png\" class=\"attachment-large size-large\" alt=\"\" srcset=\"https:\/\/portaldeyoung.uy\/wp-content\/uploads\/2026\/04\/meta-informatico.png 961w, https:\/\/portaldeyoung.uy\/wp-content\/uploads\/2026\/04\/meta-informatico-300x169.png 300w, https:\/\/portaldeyoung.uy\/wp-content\/uploads\/2026\/04\/meta-informatico-768x432.png 768w\" sizes=\"auto, (max-width: 640px) 100vw, 640px\" \/><\/a><\/div><div class=\"advgb-post-wrapper\"><h2 class=\"advgb-post-title\"><a href=\"https:\/\/portaldeyoung.uy\/index.php\/2026\/04\/27\/meta-y-microsoft-anuncian-recorte-de-20-000-puestos-la-preocupante-senal-que-hay-detras\/\">Meta y Microsoft anuncian recorte de 20.000 puestos: la preocupante se\u00f1al que hay detr\u00e1s<\/a><\/h2><div class=\"advgb-post-tax-info\"><div class=\"advgb-post-tax advgb-post-category\"><div><a class=\"advgb-post-tax-term\" href=\"https:\/\/portaldeyoung.uy\/index.php\/category\/salud-y-tecnologia\/\">Salud y tecnolog\u00eda<\/a><\/div><\/div><\/div><div class=\"advgb-post-content\"><div class=\"advgb-post-excerpt\">\u00abEsto representa un cambio estructural fundamental m\u00e1s que una correcci\u00f3n temporal del mercado\u00bb, afirma un experto. El posible recorte de m\u00e1s de 20.00<\/div><div class=\"advgb-post-readmore\"><a href=\"https:\/\/portaldeyoung.uy\/index.php\/2026\/04\/27\/meta-y-microsoft-anuncian-recorte-de-20-000-puestos-la-preocupante-senal-que-hay-detras\/\">Leer es enterarse<\/a><\/div><\/div><\/div><\/article><article class=\"advgb-recent-post\"><div class=\"advgb-post-thumbnail\"><a href=\"https:\/\/portaldeyoung.uy\/index.php\/2026\/04\/20\/esta-fruta-podria-ayudar-a-restablecerte-y-a-mejorar-el-sueno\/\"><img loading=\"lazy\" decoding=\"async\" width=\"640\" height=\"358\" src=\"https:\/\/portaldeyoung.uy\/wp-content\/uploads\/2026\/04\/Sueno.png\" class=\"attachment-large size-large\" alt=\"\" srcset=\"https:\/\/portaldeyoung.uy\/wp-content\/uploads\/2026\/04\/Sueno.png 967w, https:\/\/portaldeyoung.uy\/wp-content\/uploads\/2026\/04\/Sueno-300x168.png 300w, https:\/\/portaldeyoung.uy\/wp-content\/uploads\/2026\/04\/Sueno-768x430.png 768w\" sizes=\"auto, (max-width: 640px) 100vw, 640px\" \/><\/a><\/div><div class=\"advgb-post-wrapper\"><h2 class=\"advgb-post-title\"><a href=\"https:\/\/portaldeyoung.uy\/index.php\/2026\/04\/20\/esta-fruta-podria-ayudar-a-restablecerte-y-a-mejorar-el-sueno\/\">Esta fruta podr\u00eda ayudar a restablecerte y a mejorar el sue\u00f1o<\/a><\/h2><div class=\"advgb-post-tax-info\"><div class=\"advgb-post-tax advgb-post-category\"><div><a class=\"advgb-post-tax-term\" href=\"https:\/\/portaldeyoung.uy\/index.php\/category\/salud-y-tecnologia\/\">Salud y tecnolog\u00eda<\/a><\/div><\/div><\/div><div class=\"advgb-post-content\"><div class=\"advgb-post-excerpt\">Una investigaci\u00f3n reciente describe varios mecanismos por los que esta fruta podr\u00eda influir en la fisiolog\u00eda del sue\u00f1o. El kiwi ha sido objeto de nume<\/div><div class=\"advgb-post-readmore\"><a href=\"https:\/\/portaldeyoung.uy\/index.php\/2026\/04\/20\/esta-fruta-podria-ayudar-a-restablecerte-y-a-mejorar-el-sueno\/\">Leer es enterarse<\/a><\/div><\/div><\/div><\/article><article class=\"advgb-recent-post\"><div class=\"advgb-post-thumbnail\"><a href=\"https:\/\/portaldeyoung.uy\/index.php\/2026\/04\/20\/hacia-vigilancia-total-europa-avanza-hacia-el-control-en-linea-en-nombre-de-la-proteccion-infantil\/\"><img loading=\"lazy\" decoding=\"async\" width=\"640\" height=\"360\" src=\"https:\/\/portaldeyoung.uy\/wp-content\/uploads\/2026\/04\/Celulares-jovenes.png\" class=\"attachment-large size-large\" alt=\"\" srcset=\"https:\/\/portaldeyoung.uy\/wp-content\/uploads\/2026\/04\/Celulares-jovenes.png 962w, https:\/\/portaldeyoung.uy\/wp-content\/uploads\/2026\/04\/Celulares-jovenes-300x169.png 300w, https:\/\/portaldeyoung.uy\/wp-content\/uploads\/2026\/04\/Celulares-jovenes-768x432.png 768w\" sizes=\"auto, (max-width: 640px) 100vw, 640px\" \/><\/a><\/div><div class=\"advgb-post-wrapper\"><h2 class=\"advgb-post-title\"><a href=\"https:\/\/portaldeyoung.uy\/index.php\/2026\/04\/20\/hacia-vigilancia-total-europa-avanza-hacia-el-control-en-linea-en-nombre-de-la-proteccion-infantil\/\">\u00bfHacia vigilancia total? Europa avanza hacia el control en l\u00ednea en nombre de la protecci\u00f3n infantil<\/a><\/h2><div class=\"advgb-post-tax-info\"><div class=\"advgb-post-tax advgb-post-category\"><div><a class=\"advgb-post-tax-term\" href=\"https:\/\/portaldeyoung.uy\/index.php\/category\/salud-y-tecnologia\/\">Salud y tecnolog\u00eda<\/a><\/div><\/div><\/div><div class=\"advgb-post-content\"><div class=\"advgb-post-excerpt\">La introducci\u00f3n de una nueva aplicaci\u00f3n para verificar la edad de los usuarios no solo refuerza el control sobre los menores, sino que tambi\u00e9n puede a<\/div><div class=\"advgb-post-readmore\"><a href=\"https:\/\/portaldeyoung.uy\/index.php\/2026\/04\/20\/hacia-vigilancia-total-europa-avanza-hacia-el-control-en-linea-en-nombre-de-la-proteccion-infantil\/\">Leer es enterarse<\/a><\/div><\/div><\/div><\/article><\/div><\/div>","protected":false},"excerpt":{"rendered":"<p>Una sonrisa.. con Fontanarrosa Te puede interesar&#8230;<\/p>\n","protected":false},"author":1,"featured_media":0,"parent":0,"menu_order":0,"comment_status":"closed","ping_status":"open","template":"","meta":{"advgb_blocks_editor_width":"full","advgb_blocks_columns_visual_guide":"enable","footnotes":""},"class_list":["post-2","page","type-page","status-publish","hentry"],"coauthors":[],"author_meta":{"author_link":"https:\/\/portaldeyoung.uy\/index.php\/author\/admin_port\/","display_name":"Portal"},"relative_dates":{"created":"Publicado 11 meses hace","modified":"Actualizado 4 d\u00edas hace"},"absolute_dates":{"created":"Publicado el junio 9, 2025","modified":"Actualizado el abril 27, 2026"},"absolute_dates_time":{"created":"Publicado el junio 9, 2025 11:02 am","modified":"Actualizado el abril 27, 2026 8:04 am"},"featured_img_caption":"","featured_img":false,"series_order":"","_links":{"self":[{"href":"https:\/\/portaldeyoung.uy\/index.php\/wp-json\/wp\/v2\/pages\/2","targetHints":{"allow":["GET"]}}],"collection":[{"href":"https:\/\/portaldeyoung.uy\/index.php\/wp-json\/wp\/v2\/pages"}],"about":[{"href":"https:\/\/portaldeyoung.uy\/index.php\/wp-json\/wp\/v2\/types\/page"}],"author":[{"embeddable":true,"href":"https:\/\/portaldeyoung.uy\/index.php\/wp-json\/wp\/v2\/users\/1"}],"replies":[{"embeddable":true,"href":"https:\/\/portaldeyoung.uy\/index.php\/wp-json\/wp\/v2\/comments?post=2"}],"version-history":[{"count":372,"href":"https:\/\/portaldeyoung.uy\/index.php\/wp-json\/wp\/v2\/pages\/2\/revisions"}],"predecessor-version":[{"id":10326,"href":"https:\/\/portaldeyoung.uy\/index.php\/wp-json\/wp\/v2\/pages\/2\/revisions\/10326"}],"wp:attachment":[{"href":"https:\/\/portaldeyoung.uy\/index.php\/wp-json\/wp\/v2\/media?parent=2"}],"curies":[{"name":"wp","href":"https:\/\/api.w.org\/{rel}","templated":true}]}}